{"id":416,"date":"2025-02-16T22:36:15","date_gmt":"2025-02-16T21:36:15","guid":{"rendered":"https:\/\/www.grandhotelhradec.cz\/?page_id=416"},"modified":"2025-02-16T22:41:04","modified_gmt":"2025-02-16T21:41:04","slug":"kelner-kelnerka","status":"publish","type":"page","link":"https:\/\/www.grandhotelhradec.cz\/pl\/kariera\/kelner-kelnerka\/","title":{"rendered":"Kelner \/ Kelnerka"},"content":{"rendered":"<p>Zesp\u00f3\u0142 restauracji w Pecu pod Sn\u011b\u017ekou i Janskich \u0141a\u017aniach poszukuje nowego, fajnego kolegi. Je\u015bli tak samo jak my pasjonujesz si\u0119 gastronomi\u0105, szukamy w\u0142a\u015bnie Ciebie.<\/p>\n\n\n\n<h2 class=\"wp-block-heading\">Tre\u015b\u0107 pracy<\/h2>\n\n\n\n<ul class=\"wp-block-list\">\n<li>Tw\u00f3rcza praca w hotelarstwie<\/li>\n\n\n\n<li>Przygotowanie baru i restauracji do codziennej pracy\u00a0<\/li>\n\n\n\n<li>Ch\u0119\u0107 wsp\u00f3\u0142pracy z innymi cz\u0142onkami zespo\u0142u i tworzenia przyjaznej atmosfery w miejscu pracy, bycia komunikatywnym, elastycznym i niezawodnym<\/li>\n<\/ul>\n\n\n\n<h2 class=\"wp-block-heading\">\u017b\u0105damy<\/h2>\n\n\n\n<ul class=\"wp-block-list\">\n<li>Niezale\u017cne i tw\u00f3rcze my\u015blenie<\/li>\n\n\n\n<li>Kreatywno\u015b\u0107 i duch zespo\u0142owy<\/li>\n\n\n\n<li>Ch\u0119\u0107 doskonalenia si\u0119 i p\u00f3j\u015bcia do przodu<\/li>\n\n\n\n<li>B\u0105d\u017a odporny na stres podczas pracy z go\u015b\u0107mi<\/li>\n\n\n\n<li>\u015aled\u017a aktualno\u015bci i wsp\u00f3\u0142czesne trendy<\/li>\n\n\n\n<li>Lojalno\u015b\u0107, niezawodno\u015b\u0107 i elastyczno\u015b\u0107<\/li>\n\n\n\n<li>Mile widziane wcze\u015bniejsze do\u015bwiadczenie w bran\u017cy<\/li>\n<\/ul>\n\n\n\n<h2 class=\"wp-block-heading\">Oferujemy<\/h2>\n\n\n\n<ul class=\"wp-block-list\">\n<li>Przyjazny zesp\u00f3\u0142<\/li>\n\n\n\n<li>Umowa na czas nieokre\u015blony<\/li>\n\n\n\n<li>Uczciwa ocena finansowa<\/li>\n\n\n\n<li>Mo\u017cliwo\u015b\u0107 zakwaterowania pracownik\u00f3w na terenie miejscowo\u015bci<\/li>\n\n\n\n<li>Po roku sk\u0142adka na dodatkowe ubezpieczenie emerytalne<\/li>\n\n\n\n<li>Posi\u0142ki pracownicze + nielimitowane spo\u017cycie dobrej i mocnej kawy\u00a0<\/li>\n\n\n\n<li>Prezent urodzinowy<\/li>\n\n\n\n<li>Zni\u017cki na jedzenie i \u015bniadanie<\/li>\n<\/ul>\n\n\n\n<p><strong>Czy to jest w\u0142a\u015bnie to, czego szukasz? Jeste\u015b naszym cz\u0142owiekiem! Nie wahaj si\u0119 z nami skontaktowa\u0107! Napisz do nas na adres info@grandhotelhradec.cz, a my skontaktujemy si\u0119 z Tob\u0105 natychmiast.<\/strong><\/p>\n\n\n\n<p>Nie mo\u017cemy si\u0119 doczeka\u0107, \u017ceby Ci\u0119 zobaczy\u0107!<\/p>\n\n\n\n<figure class=\"wp-block-embed is-type-video is-provider-youtube wp-block-embed-youtube wp-embed-aspect-16-9 wp-has-aspect-ratio\"><div class=\"wp-block-embed__wrapper\">\n<iframe loading=\"lazy\" title=\"Kelner do Grand Hotel Hradec 4****+\" width=\"1180\" height=\"664\" src=\"https:\/\/www.youtube.com\/embed\/uJf_v6QqD_s?feature=oembed\" frameborder=\"0\" allow=\"accelerometer; autoplay; clipboard-write; encrypted-media; gyroscope; picture-in-picture; web-share\" referrerpolicy=\"strict-origin-when-cross-origin\" allowfullscreen><\/iframe>\n<\/div><\/figure>","protected":false},"excerpt":{"rendered":"<p>T\u00fdm restaurace v Peci pod Sn\u011b\u017ekou a Jansk\u00fdch L\u00e1zn\u00edch, hled\u00e1 nov\u00e9ho fajn kolegu\/kolegyni. Pokud jste stejn\u011b zap\u00e1len\u00fd\/\u00e1 do gastronomie, jako my, hled\u00e1me pr\u00e1v\u011b V\u00e1s.. N\u00e1pl\u0148 pr\u00e1ce Po\u017eadujeme Nab\u00edz\u00edme Je tohle pr\u00e1v\u011b to, co hled\u00e1te? Jste n\u00e1\u0161 \u010dlov\u011bk! Nev\u00e1hejte a ozv\u011bte se n\u00e1m! Napi\u0161te n\u00e1m na email info@grandhotelhradec.cz, obratem se V\u00e1m ozveme. T\u011b\u0161\u00edme se na V\u00e1s!<\/p>","protected":false},"author":1,"featured_media":417,"parent":49,"menu_order":0,"comment_status":"closed","ping_status":"closed","template":"","meta":{"footnotes":""},"class_list":["post-416","page","type-page","status-publish","has-post-thumbnail","hentry"],"_links":{"self":[{"href":"https:\/\/www.grandhotelhradec.cz\/pl\/wp-json\/wp\/v2\/pages\/416","targetHints":{"allow":["GET"]}}],"collection":[{"href":"https:\/\/www.grandhotelhradec.cz\/pl\/wp-json\/wp\/v2\/pages"}],"about":[{"href":"https:\/\/www.grandhotelhradec.cz\/pl\/wp-json\/wp\/v2\/types\/page"}],"author":[{"embeddable":true,"href":"https:\/\/www.grandhotelhradec.cz\/pl\/wp-json\/wp\/v2\/users\/1"}],"replies":[{"embeddable":true,"href":"https:\/\/www.grandhotelhradec.cz\/pl\/wp-json\/wp\/v2\/comments?post=416"}],"version-history":[{"count":0,"href":"https:\/\/www.grandhotelhradec.cz\/pl\/wp-json\/wp\/v2\/pages\/416\/revisions"}],"up":[{"embeddable":true,"href":"https:\/\/www.grandhotelhradec.cz\/pl\/wp-json\/wp\/v2\/pages\/49"}],"wp:featuredmedia":[{"embeddable":true,"href":"https:\/\/www.grandhotelhradec.cz\/pl\/wp-json\/wp\/v2\/media\/417"}],"wp:attachment":[{"href":"https:\/\/www.grandhotelhradec.cz\/pl\/wp-json\/wp\/v2\/media?parent=416"}],"curies":[{"name":"wp","href":"https:\/\/api.w.org\/{rel}","templated":true}]}}