{"id":39,"date":"2025-02-03T23:39:39","date_gmt":"2025-02-03T22:39:39","guid":{"rendered":"https:\/\/www.grandhotelhradec.cz\/?page_id=39"},"modified":"2026-08-24T23:41:56","modified_gmt":"2026-08-24T21:41:56","slug":"odkryj-pec-pod-snezkou","status":"publish","type":"page","link":"https:\/\/www.grandhotelhradec.cz\/pl\/objevujte-pec-pod-snezkou\/","title":{"rendered":"Odkrywaj Pec pod \u015anie\u017ck\u0105"},"content":{"rendered":"<div class=\"wp-block-columns is-layout-flex wp-container-core-columns-is-layout-1 wp-block-columns-is-layout-flex three\"><div class=\"wp-block-column is-layout-flow wp-block-column-is-layout-flow\"><a href=\"https:\/\/www.grandhotelhradec.cz\/pl\/objevujte-pec-pod-snezkou\/pesi-turistika-nordic-walking\/\"><img loading=\"lazy\" decoding=\"async\" width=\"600\" height=\"400\" src=\"https:\/\/www.grandhotelhradec.cz\/wp-content\/uploads\/2025\/03\/Pesi-turistika-nordic-walking-Pec-pod-Snezkou-03-600x400.webp\" class=\"attachment-medium size-medium wp-post-image\" alt=\"\" srcset=\"https:\/\/www.grandhotelhradec.cz\/wp-content\/uploads\/2025\/03\/Pesi-turistika-nordic-walking-Pec-pod-Snezkou-03-600x400.webp 600w, https:\/\/www.grandhotelhradec.cz\/wp-content\/uploads\/2025\/03\/Pesi-turistika-nordic-walking-Pec-pod-Snezkou-03-2000x1333.webp 2000w, https:\/\/www.grandhotelhradec.cz\/wp-content\/uploads\/2025\/03\/Pesi-turistika-nordic-walking-Pec-pod-Snezkou-03-18x12.webp 18w\" sizes=\"auto, (max-width: 600px) 100vw, 600px\" \/><\/a><h3><a href=\"https:\/\/www.grandhotelhradec.cz\/pl\/objevujte-pec-pod-snezkou\/pesi-turistika-nordic-walking\/\">W\u0119dr\u00f3wki piesze, nordic-walking<\/a><\/h3><\/div><div class=\"wp-block-column is-layout-flow wp-block-column-is-layout-flow\"><a href=\"https:\/\/www.grandhotelhradec.cz\/pl\/objevujte-pec-pod-snezkou\/stezka-korunami-stromu\/\"><img loading=\"lazy\" decoding=\"async\" width=\"600\" height=\"400\" src=\"https:\/\/www.grandhotelhradec.cz\/wp-content\/uploads\/2026\/05\/Stezka-korunami-stromu-Pec-pod-Snezko-600x400.webp\" class=\"attachment-medium size-medium wp-post-image\" alt=\"\u015acie\u017cka w Koronach Drzew - Pec pod Sn\u011b\u017ekou\" srcset=\"https:\/\/www.grandhotelhradec.cz\/wp-content\/uploads\/2026\/05\/Stezka-korunami-stromu-Pec-pod-Snezko-600x400.webp 600w, https:\/\/www.grandhotelhradec.cz\/wp-content\/uploads\/2026\/05\/Stezka-korunami-stromu-Pec-pod-Snezko-18x12.webp 18w, https:\/\/www.grandhotelhradec.cz\/wp-content\/uploads\/2026\/05\/Stezka-korunami-stromu-Pec-pod-Snezko.webp 1920w\" sizes=\"auto, (max-width: 600px) 100vw, 600px\" \/><\/a><h3><a href=\"https:\/\/www.grandhotelhradec.cz\/pl\/objevujte-pec-pod-snezkou\/stezka-korunami-stromu\/\">Szlak w koronach drzew<\/a><\/h3><\/div><div class=\"wp-block-column is-layout-flow wp-block-column-is-layout-flow\"><a href=\"https:\/\/www.grandhotelhradec.cz\/pl\/objevujte-pec-pod-snezkou\/elektrokola\/\"><img loading=\"lazy\" decoding=\"async\" width=\"600\" height=\"400\" src=\"https:\/\/www.grandhotelhradec.cz\/wp-content\/uploads\/2025\/02\/Elektrokola-Pec-pod-Snezkou-01-600x400.webp\" class=\"attachment-medium size-medium wp-post-image\" alt=\"E-bikes - Pec pod Sn\u011b\u017ekou 01\" srcset=\"https:\/\/www.grandhotelhradec.cz\/wp-content\/uploads\/2025\/02\/Elektrokola-Pec-pod-Snezkou-01-600x400.webp 600w, https:\/\/www.grandhotelhradec.cz\/wp-content\/uploads\/2025\/02\/Elektrokola-Pec-pod-Snezkou-01-2000x1333.webp 2000w\" sizes=\"auto, (max-width: 600px) 100vw, 600px\" \/><\/a><h3><a href=\"https:\/\/www.grandhotelhradec.cz\/pl\/objevujte-pec-pod-snezkou\/elektrokola\/\">Rowery elektryczne<\/a><\/h3><\/div><div class=\"wp-block-column is-layout-flow wp-block-column-is-layout-flow\"><a href=\"https:\/\/www.grandhotelhradec.cz\/pl\/objevujte-pec-pod-snezkou\/relaxpark-pec-bobova-draha-a-lemurie\/\"><img loading=\"lazy\" decoding=\"async\" width=\"600\" height=\"400\" src=\"https:\/\/www.grandhotelhradec.cz\/wp-content\/uploads\/2025\/04\/Relaxpark-Pec-\u2013-bobova-draha-a-Lemurie-Pec-pod-Snezkou-leto-600x400.webp\" class=\"attachment-medium size-medium wp-post-image\" alt=\"Relaxpark Pec \u2013 tor bobslejowy i Lemuria \u2013 Pec pod Sn\u011b\u017ekou \u2013 lato\" srcset=\"https:\/\/www.grandhotelhradec.cz\/wp-content\/uploads\/2025\/04\/Relaxpark-Pec-\u2013-bobova-draha-a-Lemurie-Pec-pod-Snezkou-leto-600x400.webp 600w, https:\/\/www.grandhotelhradec.cz\/wp-content\/uploads\/2025\/04\/Relaxpark-Pec-\u2013-bobova-draha-a-Lemurie-Pec-pod-Snezkou-leto-2000x1334.webp 2000w, https:\/\/www.grandhotelhradec.cz\/wp-content\/uploads\/2025\/04\/Relaxpark-Pec-\u2013-bobova-draha-a-Lemurie-Pec-pod-Snezkou-leto-18x12.webp 18w\" sizes=\"auto, (max-width: 600px) 100vw, 600px\" \/><\/a><h3><a href=\"https:\/\/www.grandhotelhradec.cz\/pl\/objevujte-pec-pod-snezkou\/relaxpark-pec-bobova-draha-a-lemurie\/\">Relaxpark Pec z torem bobslejowym<\/a><\/h3><\/div><div class=\"wp-block-column is-layout-flow wp-block-column-is-layout-flow\"><a href=\"https:\/\/www.grandhotelhradec.cz\/pl\/objevujte-pec-pod-snezkou\/lanovka-na-snezku\/\"><img loading=\"lazy\" decoding=\"async\" width=\"600\" height=\"400\" src=\"https:\/\/www.grandhotelhradec.cz\/wp-content\/uploads\/2025\/02\/Pec-pod-Snezkou-09-600x400.webp\" class=\"attachment-medium size-medium wp-post-image\" alt=\"Pec pod Sn\u011b\u017ekou - \u015anie\u017cka\" srcset=\"https:\/\/www.grandhotelhradec.cz\/wp-content\/uploads\/2025\/02\/Pec-pod-Snezkou-09-600x400.webp 600w, https:\/\/www.grandhotelhradec.cz\/wp-content\/uploads\/2025\/02\/Pec-pod-Snezkou-09.webp 1366w\" sizes=\"auto, (max-width: 600px) 100vw, 600px\" \/><\/a><h3><a href=\"https:\/\/www.grandhotelhradec.cz\/pl\/objevujte-pec-pod-snezkou\/lanovka-na-snezku\/\">Kolejka linowa na \u015anie\u017ck\u0119<\/a><\/h3><\/div><div class=\"wp-block-column is-layout-flow wp-block-column-is-layout-flow\"><a href=\"https:\/\/www.grandhotelhradec.cz\/pl\/objevujte-pec-pod-snezkou\/monkey-park-lezecke-centrum\/\"><img loading=\"lazy\" decoding=\"async\" width=\"600\" height=\"399\" src=\"https:\/\/www.grandhotelhradec.cz\/wp-content\/uploads\/2025\/02\/Lanovy-park-Monkey-Park-Pec-pod-Snezkou-02-600x399.webp\" class=\"attachment-medium size-medium wp-post-image\" alt=\"Lanov\u00fd park Monkey Park - Pec pod Sn\u011b\u017ekou 02\" srcset=\"https:\/\/www.grandhotelhradec.cz\/wp-content\/uploads\/2025\/02\/Lanovy-park-Monkey-Park-Pec-pod-Snezkou-02-600x399.webp 600w, https:\/\/www.grandhotelhradec.cz\/wp-content\/uploads\/2025\/02\/Lanovy-park-Monkey-Park-Pec-pod-Snezkou-02-2000x1330.webp 2000w\" sizes=\"auto, (max-width: 600px) 100vw, 600px\" \/><\/a><h3><a href=\"https:\/\/www.grandhotelhradec.cz\/pl\/objevujte-pec-pod-snezkou\/monkey-park-lezecke-centrum\/\">Monkey Park \u2013 centrum wspinaczkowe<\/a><\/h3><\/div><div class=\"wp-block-column is-layout-flow wp-block-column-is-layout-flow\"><a href=\"https:\/\/www.grandhotelhradec.cz\/pl\/objevujte-pec-pod-snezkou\/herni-krajina-pecka\/\"><img loading=\"lazy\" decoding=\"async\" width=\"600\" height=\"399\" src=\"https:\/\/www.grandhotelhradec.cz\/wp-content\/uploads\/2025\/02\/Herni-krajina-Pecka-Pec-pod-Snezkou-01-600x399.webp\" class=\"attachment-medium size-medium wp-post-image\" alt=\"Kraina Zabawy Pecka\u2013 Pec pod Sn\u011b\u017ekou 01\" srcset=\"https:\/\/www.grandhotelhradec.cz\/wp-content\/uploads\/2025\/02\/Herni-krajina-Pecka-Pec-pod-Snezkou-01-600x399.webp 600w, https:\/\/www.grandhotelhradec.cz\/wp-content\/uploads\/2025\/02\/Herni-krajina-Pecka-Pec-pod-Snezkou-01-2000x1330.webp 2000w\" sizes=\"auto, (max-width: 600px) 100vw, 600px\" \/><\/a><h3><a href=\"https:\/\/www.grandhotelhradec.cz\/pl\/objevujte-pec-pod-snezkou\/herni-krajina-pecka\/\">Kraina Zabawy Pecka<\/a><\/h3><\/div><div class=\"wp-block-column is-layout-flow wp-block-column-is-layout-flow\"><a href=\"https:\/\/www.grandhotelhradec.cz\/pl\/objevujte-pec-pod-snezkou\/ekofarma-na-lesni-boude\/\"><img loading=\"lazy\" decoding=\"async\" width=\"600\" height=\"400\" src=\"https:\/\/www.grandhotelhradec.cz\/wp-content\/uploads\/2025\/02\/Ekofarma-na-Lesni-boude-Pec-pod-Snezkou-600x400.jpg\" class=\"attachment-medium size-medium wp-post-image\" alt=\"Ekofarma na Lesn\u00ed boud\u011b - Pec pod Sn\u011b\u017ekou\" srcset=\"https:\/\/www.grandhotelhradec.cz\/wp-content\/uploads\/2025\/02\/Ekofarma-na-Lesni-boude-Pec-pod-Snezkou-600x400.jpg 600w, https:\/\/www.grandhotelhradec.cz\/wp-content\/uploads\/2025\/02\/Ekofarma-na-Lesni-boude-Pec-pod-Snezkou-2000x1334.jpg 2000w, https:\/\/www.grandhotelhradec.cz\/wp-content\/uploads\/2025\/02\/Ekofarma-na-Lesni-boude-Pec-pod-Snezkou.jpg 2048w\" sizes=\"auto, (max-width: 600px) 100vw, 600px\" \/><\/a><h3><a href=\"https:\/\/www.grandhotelhradec.cz\/pl\/objevujte-pec-pod-snezkou\/ekofarma-na-lesni-boude\/\">Farma ekologiczna Lesn\u00ed Bouda<\/a><\/h3><\/div><div class=\"wp-block-column is-layout-flow wp-block-column-is-layout-flow\"><a href=\"https:\/\/www.grandhotelhradec.cz\/pl\/objevujte-pec-pod-snezkou\/pivovar-trautenberk\/\"><img loading=\"lazy\" decoding=\"async\" width=\"600\" height=\"400\" src=\"https:\/\/www.grandhotelhradec.cz\/wp-content\/uploads\/2025\/02\/Pivovar-Trautenberk-Pec-pod-Snezkou-600x400.webp\" class=\"attachment-medium size-medium wp-post-image\" alt=\"Browar Trautenberk \u2013 Pec pod Sn\u011b\u017ekou 01\" srcset=\"https:\/\/www.grandhotelhradec.cz\/wp-content\/uploads\/2025\/02\/Pivovar-Trautenberk-Pec-pod-Snezkou-600x400.webp 600w, https:\/\/www.grandhotelhradec.cz\/wp-content\/uploads\/2025\/02\/Pivovar-Trautenberk-Pec-pod-Snezkou-2000x1333.webp 2000w\" sizes=\"auto, (max-width: 600px) 100vw, 600px\" \/><\/a><h3><a href=\"https:\/\/www.grandhotelhradec.cz\/pl\/objevujte-pec-pod-snezkou\/pivovar-trautenberk\/\">Browar Trautenberk<\/a><\/h3><\/div><div class=\"wp-block-column is-layout-flow wp-block-column-is-layout-flow\"><a href=\"https:\/\/www.grandhotelhradec.cz\/pl\/objevujte-pec-pod-snezkou\/mestske-detske-hriste\/\"><img loading=\"lazy\" decoding=\"async\" width=\"600\" height=\"400\" src=\"https:\/\/www.grandhotelhradec.cz\/wp-content\/uploads\/2025\/02\/Mestske-detske-hriste-Pec-pod-Snezkou-600x400.jpg\" class=\"attachment-medium size-medium wp-post-image\" alt=\"Miejski plac zabaw dla dzieci - Pec pod Sn\u011b\u017ekou\" srcset=\"https:\/\/www.grandhotelhradec.cz\/wp-content\/uploads\/2025\/02\/Mestske-detske-hriste-Pec-pod-Snezkou-600x400.jpg 600w, https:\/\/www.grandhotelhradec.cz\/wp-content\/uploads\/2025\/02\/Mestske-detske-hriste-Pec-pod-Snezkou-2000x1334.jpg 2000w, https:\/\/www.grandhotelhradec.cz\/wp-content\/uploads\/2025\/02\/Mestske-detske-hriste-Pec-pod-Snezkou.jpg 2048w\" sizes=\"auto, (max-width: 600px) 100vw, 600px\" \/><\/a><h3><a href=\"https:\/\/www.grandhotelhradec.cz\/pl\/objevujte-pec-pod-snezkou\/mestske-detske-hriste\/\">Miejski plac zabaw dla dzieci<\/a><\/h3><\/div><div class=\"wp-block-column is-layout-flow wp-block-column-is-layout-flow\"><a href=\"https:\/\/www.grandhotelhradec.cz\/pl\/objevujte-pec-pod-snezkou\/modry-dul\/\"><img loading=\"lazy\" decoding=\"async\" width=\"600\" height=\"400\" src=\"https:\/\/www.grandhotelhradec.cz\/wp-content\/uploads\/2026\/05\/Modry-dul-Pec-pod-Snezkou-600x400.webp\" class=\"attachment-medium size-medium wp-post-image\" alt=\"Modr\u00fd d\u016fl Pec pod Sn\u011b\u017ekou\" srcset=\"https:\/\/www.grandhotelhradec.cz\/wp-content\/uploads\/2026\/05\/Modry-dul-Pec-pod-Snezkou-600x400.webp 600w, https:\/\/www.grandhotelhradec.cz\/wp-content\/uploads\/2026\/05\/Modry-dul-Pec-pod-Snezkou-2000x1332.webp 2000w, https:\/\/www.grandhotelhradec.cz\/wp-content\/uploads\/2026\/05\/Modry-dul-Pec-pod-Snezkou-18x12.webp 18w\" sizes=\"auto, (max-width: 600px) 100vw, 600px\" \/><\/a><h3><a href=\"https:\/\/www.grandhotelhradec.cz\/pl\/objevujte-pec-pod-snezkou\/modry-dul\/\">Modr\u00fd d\u016fl<\/a><\/h3><\/div><div class=\"wp-block-column is-layout-flow wp-block-column-is-layout-flow\"><a href=\"https:\/\/www.grandhotelhradec.cz\/pl\/objevujte-pec-pod-snezkou\/obri-dul\/\"><img loading=\"lazy\" decoding=\"async\" width=\"600\" height=\"450\" src=\"https:\/\/www.grandhotelhradec.cz\/wp-content\/uploads\/2025\/02\/Obri-dul-Pec-pod-Snezkou-600x450.webp\" class=\"attachment-medium size-medium wp-post-image\" alt=\"Ob\u0159\u00ed d\u016fl \u2013 Pec pod Sn\u011b\u017ekou\" srcset=\"https:\/\/www.grandhotelhradec.cz\/wp-content\/uploads\/2025\/02\/Obri-dul-Pec-pod-Snezkou-600x450.webp 600w, https:\/\/www.grandhotelhradec.cz\/wp-content\/uploads\/2025\/02\/Obri-dul-Pec-pod-Snezkou.webp 2001w\" sizes=\"auto, (max-width: 600px) 100vw, 600px\" \/><\/a><h3><a href=\"https:\/\/www.grandhotelhradec.cz\/pl\/objevujte-pec-pod-snezkou\/obri-dul\/\">Ob\u0159\u00ed d\u016fl<\/a><\/h3><\/div><div class=\"wp-block-column is-layout-flow wp-block-column-is-layout-flow\"><a href=\"https:\/\/www.grandhotelhradec.cz\/pl\/objevujte-pec-pod-snezkou\/rozhledna-hnedy-vrch\/\"><img loading=\"lazy\" decoding=\"async\" width=\"600\" height=\"398\" src=\"https:\/\/www.grandhotelhradec.cz\/wp-content\/uploads\/2025\/04\/Rozhledna-Hnedy-vrch-Pec-pod-Snezkou-leto-600x398.webp\" class=\"attachment-medium size-medium wp-post-image\" alt=\"Wie\u017ca widokowa Hn\u011bd\u00fd vrch - Pec pod Sn\u011b\u017ekou - lato\" srcset=\"https:\/\/www.grandhotelhradec.cz\/wp-content\/uploads\/2025\/04\/Rozhledna-Hnedy-vrch-Pec-pod-Snezkou-leto-600x398.webp 600w, https:\/\/www.grandhotelhradec.cz\/wp-content\/uploads\/2025\/04\/Rozhledna-Hnedy-vrch-Pec-pod-Snezkou-leto-2000x1328.webp 2000w, https:\/\/www.grandhotelhradec.cz\/wp-content\/uploads\/2025\/04\/Rozhledna-Hnedy-vrch-Pec-pod-Snezkou-leto-18x12.webp 18w, https:\/\/www.grandhotelhradec.cz\/wp-content\/uploads\/2025\/04\/Rozhledna-Hnedy-vrch-Pec-pod-Snezkou-leto.webp 2048w\" sizes=\"auto, (max-width: 600px) 100vw, 600px\" \/><\/a><h3><a href=\"https:\/\/www.grandhotelhradec.cz\/pl\/objevujte-pec-pod-snezkou\/rozhledna-hnedy-vrch\/\">Wie\u017ca widokowa Hn\u011bd\u00fd vrch<\/a><\/h3><\/div><div class=\"wp-block-column is-layout-flow wp-block-column-is-layout-flow\"><a href=\"https:\/\/www.grandhotelhradec.cz\/pl\/objevujte-pec-pod-snezkou\/golfove-hriste-mlade-buky\/\"><img loading=\"lazy\" decoding=\"async\" width=\"600\" height=\"400\" src=\"https:\/\/www.grandhotelhradec.cz\/wp-content\/uploads\/2025\/02\/Golfove-hriste-Mlade-Buky-Pec-pod-Snezkou-600x400.webp\" class=\"attachment-medium size-medium wp-post-image\" alt=\"Pole golfowe Mlad\u00e9 Buky \u2013 Pec pod Sn\u011b\u017ekou\" srcset=\"https:\/\/www.grandhotelhradec.cz\/wp-content\/uploads\/2025\/02\/Golfove-hriste-Mlade-Buky-Pec-pod-Snezkou-600x400.webp 600w, https:\/\/www.grandhotelhradec.cz\/wp-content\/uploads\/2025\/02\/Golfove-hriste-Mlade-Buky-Pec-pod-Snezkou-2000x1334.webp 2000w, https:\/\/www.grandhotelhradec.cz\/wp-content\/uploads\/2025\/02\/Golfove-hriste-Mlade-Buky-Pec-pod-Snezkou.webp 2048w\" sizes=\"auto, (max-width: 600px) 100vw, 600px\" \/><\/a><h3><a href=\"https:\/\/www.grandhotelhradec.cz\/pl\/objevujte-pec-pod-snezkou\/golfove-hriste-mlade-buky\/\">Pole golfowe Mlad\u00e9 Buky<\/a><\/h3><\/div><div class=\"wp-block-column is-layout-flow wp-block-column-is-layout-flow\"><a href=\"https:\/\/www.grandhotelhradec.cz\/pl\/objevujte-pec-pod-snezkou\/traxtery\/\"><img loading=\"lazy\" decoding=\"async\" width=\"600\" height=\"400\" src=\"https:\/\/www.grandhotelhradec.cz\/wp-content\/uploads\/2025\/02\/Traxtery-Pec-pod-Snezkou-600x400.jpg\" class=\"attachment-medium size-medium wp-post-image\" alt=\"Traxtery - Pec pod Sn\u011b\u017ekou\" srcset=\"https:\/\/www.grandhotelhradec.cz\/wp-content\/uploads\/2025\/02\/Traxtery-Pec-pod-Snezkou-600x400.jpg 600w, https:\/\/www.grandhotelhradec.cz\/wp-content\/uploads\/2025\/02\/Traxtery-Pec-pod-Snezkou.jpg 1700w\" sizes=\"auto, (max-width: 600px) 100vw, 600px\" \/><\/a><h3><a href=\"https:\/\/www.grandhotelhradec.cz\/pl\/objevujte-pec-pod-snezkou\/traxtery\/\">Traxtery<\/a><\/h3><\/div><div class=\"wp-block-column is-layout-flow wp-block-column-is-layout-flow\"><a href=\"https:\/\/www.grandhotelhradec.cz\/pl\/objevujte-pec-pod-snezkou\/sjezdovani\/\"><img loading=\"lazy\" decoding=\"async\" width=\"600\" height=\"400\" src=\"https:\/\/www.grandhotelhradec.cz\/wp-content\/uploads\/2025\/02\/Sjezdovani-Pec-pod-Snezkou-600x400.jpg\" class=\"attachment-medium size-medium wp-post-image\" alt=\"Narciarstwo zjazdowe \u2013 Pec pod Sn\u011b\u017ekou\" srcset=\"https:\/\/www.grandhotelhradec.cz\/wp-content\/uploads\/2025\/02\/Sjezdovani-Pec-pod-Snezkou-600x400.jpg 600w, https:\/\/www.grandhotelhradec.cz\/wp-content\/uploads\/2025\/02\/Sjezdovani-Pec-pod-Snezkou.jpg 1920w\" sizes=\"auto, (max-width: 600px) 100vw, 600px\" \/><\/a><h3><a href=\"https:\/\/www.grandhotelhradec.cz\/pl\/objevujte-pec-pod-snezkou\/sjezdovani\/\">O\u015brodek narciarski SkiResort \u010cern\u00e1 hora-Pec<\/a><\/h3><\/div><div class=\"wp-block-column is-layout-flow wp-block-column-is-layout-flow\"><a href=\"https:\/\/www.grandhotelhradec.cz\/pl\/objevujte-pec-pod-snezkou\/bezkovani\/\"><img loading=\"lazy\" decoding=\"async\" width=\"600\" height=\"400\" src=\"https:\/\/www.grandhotelhradec.cz\/wp-content\/uploads\/2025\/02\/Bezkovani-Pec-pod-Snezkou-600x400.jpg\" class=\"attachment-medium size-medium wp-post-image\" alt=\"Narciarstwo biegowe - Pec pod Sn\u011b\u017ekou\" srcset=\"https:\/\/www.grandhotelhradec.cz\/wp-content\/uploads\/2025\/02\/Bezkovani-Pec-pod-Snezkou-600x400.jpg 600w, https:\/\/www.grandhotelhradec.cz\/wp-content\/uploads\/2025\/02\/Bezkovani-Pec-pod-Snezkou-2000x1333.jpg 2000w\" sizes=\"auto, (max-width: 600px) 100vw, 600px\" \/><\/a><h3><a href=\"https:\/\/www.grandhotelhradec.cz\/pl\/objevujte-pec-pod-snezkou\/bezkovani\/\">Narciarstwo biegowe<\/a><\/h3><\/div><div class=\"wp-block-column is-layout-flow wp-block-column-is-layout-flow\"><a href=\"https:\/\/www.grandhotelhradec.cz\/pl\/objevujte-pec-pod-snezkou\/skialp\/\"><img loading=\"lazy\" decoding=\"async\" width=\"600\" height=\"400\" src=\"https:\/\/www.grandhotelhradec.cz\/wp-content\/uploads\/2025\/02\/Skialp-Pec-pod-Snezkou-600x400.jpg\" class=\"attachment-medium size-medium wp-post-image\" alt=\"Dziewczyna uprawia skitouring z psem.\" srcset=\"https:\/\/www.grandhotelhradec.cz\/wp-content\/uploads\/2025\/02\/Skialp-Pec-pod-Snezkou-600x400.jpg 600w, https:\/\/www.grandhotelhradec.cz\/wp-content\/uploads\/2025\/02\/Skialp-Pec-pod-Snezkou-2000x1335.jpg 2000w\" sizes=\"auto, (max-width: 600px) 100vw, 600px\" \/><\/a><h3><a href=\"https:\/\/www.grandhotelhradec.cz\/pl\/objevujte-pec-pod-snezkou\/skialp\/\">Skialp<\/a><\/h3><\/div><div class=\"wp-block-column is-layout-flow wp-block-column-is-layout-flow\"><a href=\"https:\/\/www.grandhotelhradec.cz\/pl\/objevujte-pec-pod-snezkou\/sankovani\/\"><img loading=\"lazy\" decoding=\"async\" width=\"600\" height=\"400\" src=\"https:\/\/www.grandhotelhradec.cz\/wp-content\/uploads\/2025\/02\/Sankovani-Pec-pod-Snezkou-600x400.jpg\" class=\"attachment-medium size-medium wp-post-image\" alt=\"Sanki \u2013 Grand Hotel Hradec\" srcset=\"https:\/\/www.grandhotelhradec.cz\/wp-content\/uploads\/2025\/02\/Sankovani-Pec-pod-Snezkou-600x400.jpg 600w, https:\/\/www.grandhotelhradec.cz\/wp-content\/uploads\/2025\/02\/Sankovani-Pec-pod-Snezkou-2000x1335.jpg 2000w\" sizes=\"auto, (max-width: 600px) 100vw, 600px\" \/><\/a><h3><a href=\"https:\/\/www.grandhotelhradec.cz\/pl\/objevujte-pec-pod-snezkou\/sankovani\/\">Sanki<\/a><\/h3><\/div><div class=\"wp-block-column is-layout-flow wp-block-column-is-layout-flow\"><a href=\"https:\/\/www.grandhotelhradec.cz\/pl\/objevujte-pec-pod-snezkou\/horsky-pruvodce\/\"><img loading=\"lazy\" decoding=\"async\" width=\"600\" height=\"401\" src=\"https:\/\/www.grandhotelhradec.cz\/wp-content\/uploads\/2025\/02\/Horsky-pruvodce-Pec-pod-Snezkou-600x401.jpg\" class=\"attachment-medium size-medium wp-post-image\" alt=\"\" srcset=\"https:\/\/www.grandhotelhradec.cz\/wp-content\/uploads\/2025\/02\/Horsky-pruvodce-Pec-pod-Snezkou-600x401.jpg 600w, https:\/\/www.grandhotelhradec.cz\/wp-content\/uploads\/2025\/02\/Horsky-pruvodce-Pec-pod-Snezkou-2000x1336.jpg 2000w\" sizes=\"auto, (max-width: 600px) 100vw, 600px\" \/><\/a><h3><a href=\"https:\/\/www.grandhotelhradec.cz\/pl\/objevujte-pec-pod-snezkou\/horsky-pruvodce\/\">Przewodnik g\u00f3rski<\/a><\/h3><\/div><\/div>\n\n\n\n<div style=\"height:50px\" aria-hidden=\"true\" class=\"wp-block-spacer\"><\/div>\n\n\n\n<h2 class=\"wp-block-heading has-text-align-center\">Pec pod Sn\u011b\u017ekou - Wydarzenia<\/h2>\n\n\n\n<p class=\"has-text-align-center wp-block-paragraph\">Informacje s\u0105 pobierane automatycznie ze strony internetowej <a href=\"http:\/\/pecpodsnezkou.cz\" data-type=\"link\" data-id=\"pecpodsnezkou.cz\" target=\"_blank\" rel=\"noreferrer noopener\">pecpodsnezkou.cz<\/a><br>Zmiany w programie tych wydarze\u0144 s\u0105 zastrze\u017cone i le\u017c\u0105 ca\u0142kowicie w gestii organizatora.<\/p>\n\n\n\n<div style=\"height:50px\" aria-hidden=\"true\" class=\"wp-block-spacer\"><\/div>\n\n\n<div class=\"wp-block-columns is-layout-flex wp-container-core-columns-is-layout-1 wp-block-columns-is-layout-flex three akce\"><div class=\"wp-block-column is-layout-flow wp-block-column-is-layout-flow\"><a href=\"https:\/\/www.pecpodsnezkou.cz\/akce\/krakonosuv-gulas-7\/\" target=\"_blank\" rel=\"nofollow noopener noreferrer\"><img decoding=\"async\" src=\"https:\/\/www.pecpodsnezkou.cz\/fotky\/thumbs\/gulas-2026-1080x1080.jpg\" alt=\"Gulasz Krkonosza\" ><\/a><a href=\"https:\/\/www.pecpodsnezkou.cz\/akce\/krakonosuv-gulas-7\/\" target=\"_blank\" rel=\"nofollow noopener noreferrer\"><h3>Gulasz Krkonosza<\/a><\/h3><p>5. z\u00e1\u0159\u00ed 2026<\/p><p>Pec pod Sn\u011b\u017ekou<\/p><\/div><div class=\"wp-block-column is-layout-flow wp-block-column-is-layout-flow\"><a href=\"https:\/\/www.pecpodsnezkou.cz\/akce\/okolo-pece-memorial-jirky-karlika-3\/\" target=\"_blank\" rel=\"nofollow noopener noreferrer\"><img decoding=\"async\" src=\"https:\/\/www.pecpodsnezkou.cz\/fotky\/thumbs\/okolopece-1080x10801.jpg\" alt=\"Okolo Pece - Memoria\u0142 Jirky Karl\u00edka\" ><\/a><a href=\"https:\/\/www.pecpodsnezkou.cz\/akce\/okolo-pece-memorial-jirky-karlika-3\/\" target=\"_blank\" rel=\"nofollow noopener noreferrer\"><h3>Okolo Pece - Memoria\u0142 Jirky Karl\u00edka<\/a><\/h3><p>12 wrze\u015bnia 2026<\/p><p>Pec pod Sn\u011b\u017ekou<\/p><\/div><div class=\"wp-block-column is-layout-flow wp-block-column-is-layout-flow\"><a href=\"https:\/\/www.pecpodsnezkou.cz\/akce\/bramborova-slavnost-na-doteku\/\" target=\"_blank\" rel=\"nofollow noopener noreferrer\"><img decoding=\"async\" src=\"https:\/\/www.pecpodsnezkou.cz\/fotky\/thumbs\/bramborova-slavnost-2026-2-page-0001.jpg\" alt=\"Bramborov\u00e1 slavnost na DOTEKu\" ><\/a><a href=\"https:\/\/www.pecpodsnezkou.cz\/akce\/bramborova-slavnost-na-doteku\/\" target=\"_blank\" rel=\"nofollow noopener noreferrer\"><h3>Bramborov\u00e1 slavnost na DOTEKu<\/a><\/h3><p>13. z\u00e1\u0159\u00ed 2026<\/p><p>Horn\u00ed Mar\u0161ov<\/p><\/div><div class=\"wp-block-column is-layout-flow wp-block-column-is-layout-flow\"><a href=\"https:\/\/www.pecpodsnezkou.cz\/akce\/nahoru-tv-night-prednasky-i-podcast-nazivo-v-peci\/\" target=\"_blank\" rel=\"nofollow noopener noreferrer\"><img decoding=\"async\" src=\"https:\/\/www.pecpodsnezkou.cz\/fotky\/thumbs\/whatsapp-image-2026-08-24-at-0d-0a-11-00-49.jpeg\" alt=\"naHoru.tv NIGHT: p\u0159edn\u00e1\u0161ky i podcast na\u017eivo v Peci\" ><\/a><a href=\"https:\/\/www.pecpodsnezkou.cz\/akce\/nahoru-tv-night-prednasky-i-podcast-nazivo-v-peci\/\" target=\"_blank\" rel=\"nofollow noopener noreferrer\"><h3>naHoru.tv NIGHT: p\u0159edn\u00e1\u0161ky i podcast na\u017eivo v Peci<\/a><\/h3><p>19. z\u00e1\u0159\u00ed 2026<\/p><p>Pec pod Sn\u011b\u017ekou<\/p><\/div><div class=\"wp-block-column is-layout-flow wp-block-column-is-layout-flow\"><a href=\"https:\/\/www.pecpodsnezkou.cz\/akce\/den-otevrenych-dveri-na-upravne-vody\/\" target=\"_blank\" rel=\"nofollow noopener noreferrer\"><img decoding=\"async\" src=\"https:\/\/www.pecpodsnezkou.cz\/fotky\/thumbs\/dod-vodarna-2.png\" alt=\"Den otev\u0159en\u00fdch dve\u0159\u00ed na \u00fapravn\u011b vody\" ><\/a><a href=\"https:\/\/www.pecpodsnezkou.cz\/akce\/den-otevrenych-dveri-na-upravne-vody\/\" target=\"_blank\" rel=\"nofollow noopener noreferrer\"><h3>Den otev\u0159en\u00fdch dve\u0159\u00ed na \u00fapravn\u011b vody<\/a><\/h3><p>19. z\u00e1\u0159\u00ed 2026<\/p><p>Pec pod Sn\u011b\u017ekou<\/p><\/div><div class=\"wp-block-column is-layout-flow wp-block-column-is-layout-flow\"><a href=\"https:\/\/www.pecpodsnezkou.cz\/akce\/stand-up-comedy-show-nikola-dzokic\/\" target=\"_blank\" rel=\"nofollow noopener noreferrer\"><img decoding=\"async\" src=\"https:\/\/www.pecpodsnezkou.cz\/fotky\/thumbs\/standup-1080x10803.jpg\" alt=\"Kabaret Stand-up Show - Nikola D\u017eoki\u010d\" ><\/a><a href=\"https:\/\/www.pecpodsnezkou.cz\/akce\/stand-up-comedy-show-nikola-dzokic\/\" target=\"_blank\" rel=\"nofollow noopener noreferrer\"><h3>Kabaret Stand-up Show - Nikola D\u017eoki\u010d<\/a><\/h3><p>26 wrze\u015bnia 2026<\/p><p>Pec pod Sn\u011b\u017ekou - Aparthotel Svat\u00fd Vav\u0159inec<\/p><\/div><div class=\"wp-block-column is-layout-flow wp-block-column-is-layout-flow\"><a href=\"https:\/\/www.pecpodsnezkou.cz\/akce\/octoberfest-na-kolinske-boude\/\" target=\"_blank\" rel=\"nofollow noopener noreferrer\"><img decoding=\"async\" src=\"https:\/\/www.pecpodsnezkou.cz\/fotky\/thumbs\/whatsapp-image-2026-08-30-at-16-58-16.jpeg\" alt=\"Octoberfest na Kol\u00ednsk\u00e9 boud\u011b\" ><\/a><a href=\"https:\/\/www.pecpodsnezkou.cz\/akce\/octoberfest-na-kolinske-boude\/\" target=\"_blank\" rel=\"nofollow noopener noreferrer\"><h3>Octoberfest na Kol\u00ednsk\u00e9 boud\u011b<\/a><\/h3><p>26 wrze\u015bnia 2026<\/p><\/div><div class=\"wp-block-column is-layout-flow wp-block-column-is-layout-flow\"><a href=\"https:\/\/www.pecpodsnezkou.cz\/akce\/zavod-novodobych-horskych-nosicu-10\/\" target=\"_blank\" rel=\"nofollow noopener noreferrer\"><img decoding=\"async\" src=\"https:\/\/www.pecpodsnezkou.cz\/fotky\/thumbs\/1f169180-c308-4d69-9445-9ca22f681254.png\" alt=\"Wy\u015bcig wsp\u00f3\u0142czesnych tragarzy g\u00f3rskich\" ><\/a><a href=\"https:\/\/www.pecpodsnezkou.cz\/akce\/zavod-novodobych-horskych-nosicu-10\/\" target=\"_blank\" rel=\"nofollow noopener noreferrer\"><h3>Wy\u015bcig wsp\u00f3\u0142czesnych tragarzy g\u00f3rskich<\/a><\/h3><p>3. \u0159\u00edjna 2026<\/p><p>Velk\u00e1 \u00dapa<\/p><\/div><div class=\"wp-block-column is-layout-flow wp-block-column-is-layout-flow\"><a href=\"https:\/\/www.pecpodsnezkou.cz\/akce\/uklidme-snezku-i-pod-snezkou-podzim\/\" target=\"_blank\" rel=\"nofollow noopener noreferrer\"><img decoding=\"async\" src=\"https:\/\/www.pecpodsnezkou.cz\/fotky\/thumbs\/uklidme-snezku-1080x1080.jpg\" alt=\"Posprz\u0105tajmy \u015anie\u017ck\u0119 i pod \u015anie\u017ck\u0105 - jesie\u0144\" ><\/a><a href=\"https:\/\/www.pecpodsnezkou.cz\/akce\/uklidme-snezku-i-pod-snezkou-podzim\/\" target=\"_blank\" rel=\"nofollow noopener noreferrer\"><h3>Posprz\u0105tajmy \u015anie\u017ck\u0119 i pod \u015anie\u017ck\u0105 - jesie\u0144<\/a><\/h3><p>10 pa\u017adziernika 2026<\/p><p>Pec pod Sn\u011b\u017ekou<\/p><\/div><div class=\"wp-block-column is-layout-flow wp-block-column-is-layout-flow\"><a href=\"https:\/\/www.pecpodsnezkou.cz\/akce\/horsky-bezecky-zavod-rubenczal-1\/\" target=\"_blank\" rel=\"nofollow noopener noreferrer\"><img decoding=\"async\" src=\"https:\/\/www.pecpodsnezkou.cz\/fotky\/thumbs\/rubenczal-1080x10801.jpg\" alt=\"G\u00f3rski bieg g\u00f3rski Rubenczal\" ><\/a><a href=\"https:\/\/www.pecpodsnezkou.cz\/akce\/horsky-bezecky-zavod-rubenczal-1\/\" target=\"_blank\" rel=\"nofollow noopener noreferrer\"><h3>G\u00f3rski bieg g\u00f3rski Rubenczal<\/a><\/h3><p>10 pa\u017adziernika 2026<\/p><p>Velk\u00e1 \u00dapa<\/p><\/div><div class=\"wp-block-column is-layout-flow wp-block-column-is-layout-flow\"><a href=\"https:\/\/www.pecpodsnezkou.cz\/akce\/halloween-v-relaxparku-1\/\" target=\"_blank\" rel=\"nofollow noopener noreferrer\"><img decoding=\"async\" src=\"https:\/\/www.pecpodsnezkou.cz\/fotky\/thumbs\/halloween-2025-1080x1080-b1.jpg\" alt=\"Halloween w Relaxparku\" ><\/a><a href=\"https:\/\/www.pecpodsnezkou.cz\/akce\/halloween-v-relaxparku-1\/\" target=\"_blank\" rel=\"nofollow noopener noreferrer\"><h3>Halloween w Relaxparku<\/a><\/h3><p>31 pa\u017adziernika 2026<\/p><p>Pec pod Sn\u011b\u017ekou<\/p><\/div><div class=\"wp-block-column is-layout-flow wp-block-column-is-layout-flow\"><a href=\"https:\/\/www.pecpodsnezkou.cz\/akce\/svaty-martin-3\/\" target=\"_blank\" rel=\"nofollow noopener noreferrer\"><img decoding=\"async\" src=\"https:\/\/www.pecpodsnezkou.cz\/fotky\/thumbs\/sv-martin-2026-1080x1080.jpg\" alt=\"\u015awi\u0119ty Marcin\" ><\/a><a href=\"https:\/\/www.pecpodsnezkou.cz\/akce\/svaty-martin-3\/\" target=\"_blank\" rel=\"nofollow noopener noreferrer\"><h3>\u015awi\u0119ty Marcin<\/a><\/h3><p>14 listopada 2026<\/p><p>Pec pod Sn\u011b\u017ekou<\/p><\/div><div class=\"wp-block-column is-layout-flow wp-block-column-is-layout-flow\"><a href=\"https:\/\/www.pecpodsnezkou.cz\/akce\/stand-up-comedy-show-honza-geryk\/\" target=\"_blank\" rel=\"nofollow noopener noreferrer\"><img decoding=\"async\" src=\"https:\/\/www.pecpodsnezkou.cz\/fotky\/thumbs\/standup-1080x10804.jpg\" alt=\"Stand Up Comedy Show - Honza G\u00e9ryk\" ><\/a><a href=\"https:\/\/www.pecpodsnezkou.cz\/akce\/stand-up-comedy-show-honza-geryk\/\" target=\"_blank\" rel=\"nofollow noopener noreferrer\"><h3>Stand Up Comedy Show - Honza G\u00e9ryk<\/a><\/h3><p>21 listopada 2026<\/p><p>Pec pod Sn\u011b\u017ekou - Aparthotel Svat\u00fd Vav\u0159inec<\/p><\/div><div class=\"wp-block-column is-layout-flow wp-block-column-is-layout-flow\"><a href=\"https:\/\/www.pecpodsnezkou.cz\/akce\/rozsviceni-vanocniho-stromu-8\/\" target=\"_blank\" rel=\"nofollow noopener noreferrer\"><img decoding=\"async\" src=\"https:\/\/www.pecpodsnezkou.cz\/fotky\/thumbs\/strom-2026-1080x1080.jpg\" alt=\"Zap\u00e1len\u00ed choinki\" ><\/a><a href=\"https:\/\/www.pecpodsnezkou.cz\/akce\/rozsviceni-vanocniho-stromu-8\/\" target=\"_blank\" rel=\"nofollow noopener noreferrer\"><h3>Zap\u00e1len\u00ed choinki<\/a><\/h3><p>28 listopada 2026<\/p><p>Velk\u00e1 \u00dapa<\/p><\/div><div class=\"wp-block-column is-layout-flow wp-block-column-is-layout-flow\"><a href=\"https:\/\/www.pecpodsnezkou.cz\/akce\/poletime-v-plne-sile-podzim-26\/\" target=\"_blank\" rel=\"nofollow noopener noreferrer\"><img decoding=\"async\" src=\"https:\/\/www.pecpodsnezkou.cz\/fotky\/thumbs\/imageresize2.jpeg\" alt=\"Polet\u00edme? V PLN\u00c9 S\u00cdLE \u2013 Podzim 26\" ><\/a><a href=\"https:\/\/www.pecpodsnezkou.cz\/akce\/poletime-v-plne-sile-podzim-26\/\" target=\"_blank\" rel=\"nofollow noopener noreferrer\"><h3>Polet\u00edme? V PLN\u00c9 S\u00cdLE \u2013 Podzim 26<\/a><\/h3><p>12. prosince 2026<\/p><p>Pec pod Sn\u011b\u017ekou<\/p><\/div><div class=\"wp-block-column is-layout-flow wp-block-column-is-layout-flow\"><a href=\"https:\/\/www.pecpodsnezkou.cz\/akce\/adventni-svarak-v-peci-pod-snezkou-1\/\" target=\"_blank\" rel=\"nofollow noopener noreferrer\"><img decoding=\"async\" src=\"https:\/\/www.pecpodsnezkou.cz\/fotky\/thumbs\/svarak-1080x1080-2026.jpg\" alt=\"Adwentowe grzane wino w Pec pod Sn\u011b\u017ekou\" ><\/a><a href=\"https:\/\/www.pecpodsnezkou.cz\/akce\/adventni-svarak-v-peci-pod-snezkou-1\/\" target=\"_blank\" rel=\"nofollow noopener noreferrer\"><h3>Adwentowe grzane wino w Pec pod Sn\u011b\u017ekou<\/a><\/h3><p>20 grudnia 2026<\/p><p>Pec pod Sn\u011b\u017ekou<\/p><\/div><div class=\"wp-block-column is-layout-flow wp-block-column-is-layout-flow\"><a href=\"https:\/\/www.pecpodsnezkou.cz\/akce\/david-koller\/\" target=\"_blank\" rel=\"nofollow noopener noreferrer\"><img decoding=\"async\" src=\"https:\/\/www.pecpodsnezkou.cz\/fotky\/thumbs\/imageresize-1.jpeg\" alt=\"David Koller\" ><\/a><a href=\"https:\/\/www.pecpodsnezkou.cz\/akce\/david-koller\/\" target=\"_blank\" rel=\"nofollow noopener noreferrer\"><h3>David Koller<\/a><\/h3><p>23. ledna 2027<\/p><p>Pec pod Sn\u011b\u017ekou<\/p><\/div><div class=\"wp-block-column is-layout-flow wp-block-column-is-layout-flow\"><a href=\"https:\/\/www.pecpodsnezkou.cz\/akce\/trauma-party-renne-dang\/\" target=\"_blank\" rel=\"nofollow noopener noreferrer\"><img decoding=\"async\" src=\"https:\/\/www.pecpodsnezkou.cz\/fotky\/thumbs\/imageresize-2.jpeg\" alt=\"Trauma Party: Renne Dang\" ><\/a><a href=\"https:\/\/www.pecpodsnezkou.cz\/akce\/trauma-party-renne-dang\/\" target=\"_blank\" rel=\"nofollow noopener noreferrer\"><h3>Trauma Party: Renne Dang<\/a><\/h3><p>30. ledna 2027<\/p><p>Pec pod Sn\u011b\u017ekou<\/p><\/div><div class=\"wp-block-column is-layout-flow wp-block-column-is-layout-flow\"><a href=\"https:\/\/www.pecpodsnezkou.cz\/akce\/tri-sestry-1\/\" target=\"_blank\" rel=\"nofollow noopener noreferrer\"><img decoding=\"async\" src=\"https:\/\/www.pecpodsnezkou.cz\/fotky\/thumbs\/imageresize-3.jpeg\" alt=\"T\u0159i sestry\" ><\/a><a href=\"https:\/\/www.pecpodsnezkou.cz\/akce\/tri-sestry-1\/\" target=\"_blank\" rel=\"nofollow noopener noreferrer\"><h3>T\u0159i sestry<\/a><\/h3><p>06. \u00fanora 2027<\/p><p>Pec pod Sn\u011b\u017ekou<\/p><\/div><div class=\"wp-block-column is-layout-flow wp-block-column-is-layout-flow\"><a href=\"https:\/\/www.pecpodsnezkou.cz\/akce\/rest\/\" target=\"_blank\" rel=\"nofollow noopener noreferrer\"><img decoding=\"async\" src=\"https:\/\/www.pecpodsnezkou.cz\/fotky\/thumbs\/imageresize-5.jpeg\" alt=\"Rest\" ><\/a><a href=\"https:\/\/www.pecpodsnezkou.cz\/akce\/rest\/\" target=\"_blank\" rel=\"nofollow noopener noreferrer\"><h3>Rest<\/a><\/h3><p>05. b\u0159ezna 2027<\/p><p>Pec pod Sn\u011b\u017ekou<\/p><\/div><div class=\"wp-block-column is-layout-flow wp-block-column-is-layout-flow\"><a href=\"https:\/\/www.pecpodsnezkou.cz\/akce\/visaci-zamek\/\" target=\"_blank\" rel=\"nofollow noopener noreferrer\"><img decoding=\"async\" src=\"https:\/\/www.pecpodsnezkou.cz\/fotky\/thumbs\/imageresize-6.jpeg\" alt=\"Visac\u00ed z\u00e1mek\" ><\/a><a href=\"https:\/\/www.pecpodsnezkou.cz\/akce\/visaci-zamek\/\" target=\"_blank\" rel=\"nofollow noopener noreferrer\"><h3>Visac\u00ed z\u00e1mek<\/a><\/h3><p>06. b\u0159ezna 2027<\/p><p>Pec pod Sn\u011b\u017ekou<\/p><\/div><div class=\"wp-block-column is-layout-flow wp-block-column-is-layout-flow\"><a href=\"https:\/\/www.pecpodsnezkou.cz\/akce\/tata-bojs-1\/\" target=\"_blank\" rel=\"nofollow noopener noreferrer\"><img decoding=\"async\" src=\"https:\/\/www.pecpodsnezkou.cz\/fotky\/thumbs\/imageresize-7.jpeg\" alt=\"Tata Bojs\" ><\/a><a href=\"https:\/\/www.pecpodsnezkou.cz\/akce\/tata-bojs-1\/\" target=\"_blank\" rel=\"nofollow noopener noreferrer\"><h3>Tata Bojs<\/a><\/h3><p>13. b\u0159ezna 2027<\/p><p>Pec pod Sn\u011b\u017ekou<\/p><\/div><div class=\"wp-block-column is-layout-flow wp-block-column-is-layout-flow\"><a href=\"https:\/\/www.pecpodsnezkou.cz\/akce\/mnaga-a-zdorp-3\/\" target=\"_blank\" rel=\"nofollow noopener noreferrer\"><img decoding=\"async\" src=\"https:\/\/www.pecpodsnezkou.cz\/fotky\/thumbs\/imageresize-8.jpeg\" alt=\"M\u0148\u00e1ga a \u017d\u010forp\" ><\/a><a href=\"https:\/\/www.pecpodsnezkou.cz\/akce\/mnaga-a-zdorp-3\/\" target=\"_blank\" rel=\"nofollow noopener noreferrer\"><h3>M\u0148\u00e1ga a \u017d\u010forp<\/a><\/h3><p>27. b\u0159ezna 2027<\/p><p>Pec pod Sn\u011b\u017ekou<\/p><\/div><div class=\"wp-block-column is-layout-flow wp-block-column-is-layout-flow\"><a href=\"https:\/\/www.pecpodsnezkou.cz\/akce\/wohnout-1\/\" target=\"_blank\" rel=\"nofollow noopener noreferrer\"><img decoding=\"async\" src=\"https:\/\/www.pecpodsnezkou.cz\/fotky\/thumbs\/imageresize-9.jpeg\" alt=\"Wohnout\" ><\/a><a href=\"https:\/\/www.pecpodsnezkou.cz\/akce\/wohnout-1\/\" target=\"_blank\" rel=\"nofollow noopener noreferrer\"><h3>Wohnout<\/a><\/h3><p>03. dubna 2027<\/p><p>Pec pod Sn\u011b\u017ekou<\/p><\/div><\/div>","protected":false},"excerpt":{"rendered":"<p>Pec pod Sn\u011b\u017ekou - Wydarzenia Informacje s\u0105 automatycznie pobierane ze strony internetowej pecpodsnezkou.czZmiany w programie tych wydarze\u0144 s\u0105 zastrze\u017cone i pozostaj\u0105 ca\u0142kowicie w gestii organizatora.<\/p>","protected":false},"author":1,"featured_media":741,"parent":0,"menu_order":0,"comment_status":"closed","ping_status":"closed","template":"","meta":{"footnotes":""},"class_list":["post-39","page","type-page","status-publish","has-post-thumbnail","hentry"],"yoast_head":"<!-- This site is optimized with the Yoast SEO plugin v28.3 - https:\/\/yoast.com\/product\/yoast-seo-wordpress\/ -->\n<title>Co d\u011blat v Peci pod Sn\u011b\u017ekou | Grand Hotel Hradec<\/title>\n<meta name=\"robots\" content=\"index, follow, max-snippet:-1, max-image-preview:large, max-video-preview:-1\" \/>\n<link rel=\"canonical\" href=\"https:\/\/www.grandhotelhradec.cz\/pl\/odkryj-pec-pod-snezkou\/\" \/>\n<meta property=\"og:locale\" content=\"pl_PL\" \/>\n<meta property=\"og:type\" content=\"article\" \/>\n<meta property=\"og:title\" content=\"Co d\u011blat v Peci pod Sn\u011b\u017ekou | Grand Hotel Hradec\" \/>\n<meta property=\"og:description\" content=\"Pec pod Sn\u011b\u017ekou &#8211; Akce Informace jsou automaticky p\u0159eb\u00edr\u00e1ny z webu pecpodsnezkou.czZm\u011bna programu t\u011bchto akc\u00ed je vyhrazena a je zcela v kompetenci organiz\u00e1tora.\" \/>\n<meta property=\"og:url\" content=\"https:\/\/www.grandhotelhradec.cz\/pl\/odkryj-pec-pod-snezkou\/\" \/>\n<meta property=\"og:site_name\" content=\"Grand Hotel Hradec\" \/>\n<meta property=\"article:publisher\" content=\"https:\/\/www.facebook.com\/grandhotelhradec.cz\/\" \/>\n<meta property=\"article:modified_time\" content=\"2026-08-24T21:41:56+00:00\" \/>\n<meta property=\"og:image\" content=\"https:\/\/www.grandhotelhradec.cz\/wp-content\/uploads\/2025\/03\/Grand-Hotel-Hradec-Pec-pod-Snezkou-2-AKTIVNI-POBYT-leto.webp\" \/>\n\t<meta property=\"og:image:width\" content=\"2400\" \/>\n\t<meta property=\"og:image:height\" content=\"1598\" \/>\n\t<meta property=\"og:image:type\" content=\"image\/webp\" \/>\n<meta name=\"twitter:card\" content=\"summary_large_image\" \/>\n<meta name=\"twitter:label1\" content=\"Szacowany czas czytania\" \/>\n\t<meta name=\"twitter:data1\" content=\"1 minuta\" \/>\n<script type=\"application\/ld+json\" class=\"yoast-schema-graph\">{\"@context\":\"https:\\\/\\\/schema.org\",\"@graph\":[{\"@type\":\"WebPage\",\"@id\":\"https:\\\/\\\/www.grandhotelhradec.cz\\\/objevujte-pec-pod-snezkou\\\/\",\"url\":\"https:\\\/\\\/www.grandhotelhradec.cz\\\/objevujte-pec-pod-snezkou\\\/\",\"name\":\"Co d\u011blat v Peci pod Sn\u011b\u017ekou | Grand Hotel Hradec\",\"isPartOf\":{\"@id\":\"https:\\\/\\\/www.grandhotelhradec.cz\\\/#website\"},\"primaryImageOfPage\":{\"@id\":\"https:\\\/\\\/www.grandhotelhradec.cz\\\/objevujte-pec-pod-snezkou\\\/#primaryimage\"},\"image\":{\"@id\":\"https:\\\/\\\/www.grandhotelhradec.cz\\\/objevujte-pec-pod-snezkou\\\/#primaryimage\"},\"thumbnailUrl\":\"https:\\\/\\\/www.grandhotelhradec.cz\\\/wp-content\\\/uploads\\\/2025\\\/03\\\/Grand-Hotel-Hradec-Pec-pod-Snezkou-2-AKTIVNI-POBYT-leto.webp\",\"datePublished\":\"2025-02-03T22:39:39+00:00\",\"dateModified\":\"2026-08-24T21:41:56+00:00\",\"breadcrumb\":{\"@id\":\"https:\\\/\\\/www.grandhotelhradec.cz\\\/objevujte-pec-pod-snezkou\\\/#breadcrumb\"},\"inLanguage\":\"pl-PL\",\"potentialAction\":[{\"@type\":\"ReadAction\",\"target\":[\"https:\\\/\\\/www.grandhotelhradec.cz\\\/objevujte-pec-pod-snezkou\\\/\"]}]},{\"@type\":\"ImageObject\",\"inLanguage\":\"pl-PL\",\"@id\":\"https:\\\/\\\/www.grandhotelhradec.cz\\\/objevujte-pec-pod-snezkou\\\/#primaryimage\",\"url\":\"https:\\\/\\\/www.grandhotelhradec.cz\\\/wp-content\\\/uploads\\\/2025\\\/03\\\/Grand-Hotel-Hradec-Pec-pod-Snezkou-2-AKTIVNI-POBYT-leto.webp\",\"contentUrl\":\"https:\\\/\\\/www.grandhotelhradec.cz\\\/wp-content\\\/uploads\\\/2025\\\/03\\\/Grand-Hotel-Hradec-Pec-pod-Snezkou-2-AKTIVNI-POBYT-leto.webp\",\"width\":2400,\"height\":1598,\"caption\":\"Grand Hotel Hradec - Pec pod Sn\u011b\u017ekou - AKTIVN\u00cd POBYT\"},{\"@type\":\"BreadcrumbList\",\"@id\":\"https:\\\/\\\/www.grandhotelhradec.cz\\\/objevujte-pec-pod-snezkou\\\/#breadcrumb\",\"itemListElement\":[{\"@type\":\"ListItem\",\"position\":1,\"name\":\"Dom\u016f\",\"item\":\"https:\\\/\\\/www.grandhotelhradec.cz\\\/\"},{\"@type\":\"ListItem\",\"position\":2,\"name\":\"Objevujte Pec Pod Sn\u011b\u017ekou\"}]},{\"@type\":\"WebSite\",\"@id\":\"https:\\\/\\\/www.grandhotelhradec.cz\\\/#website\",\"url\":\"https:\\\/\\\/www.grandhotelhradec.cz\\\/\",\"name\":\"Grand Hotel Hradec\",\"description\":\"\",\"publisher\":{\"@id\":\"https:\\\/\\\/www.grandhotelhradec.cz\\\/#organization\"},\"potentialAction\":[{\"@type\":\"SearchAction\",\"target\":{\"@type\":\"EntryPoint\",\"urlTemplate\":\"https:\\\/\\\/www.grandhotelhradec.cz\\\/?s={search_term_string}\"},\"query-input\":{\"@type\":\"PropertyValueSpecification\",\"valueRequired\":true,\"valueName\":\"search_term_string\"}}],\"inLanguage\":\"pl-PL\"},{\"@type\":\"Organization\",\"@id\":\"https:\\\/\\\/www.grandhotelhradec.cz\\\/#organization\",\"name\":\"Grand Hotel Hradec\",\"url\":\"https:\\\/\\\/www.grandhotelhradec.cz\\\/\",\"logo\":{\"@type\":\"ImageObject\",\"inLanguage\":\"pl-PL\",\"@id\":\"https:\\\/\\\/www.grandhotelhradec.cz\\\/#\\\/schema\\\/logo\\\/image\\\/\",\"url\":\"https:\\\/\\\/www.grandhotelhradec.cz\\\/wp-content\\\/uploads\\\/2026\\\/08\\\/Grand-Hotel-Hradec-Logo.webp\",\"contentUrl\":\"https:\\\/\\\/www.grandhotelhradec.cz\\\/wp-content\\\/uploads\\\/2026\\\/08\\\/Grand-Hotel-Hradec-Logo.webp\",\"width\":1920,\"height\":1920,\"caption\":\"Grand Hotel Hradec\"},\"image\":{\"@id\":\"https:\\\/\\\/www.grandhotelhradec.cz\\\/#\\\/schema\\\/logo\\\/image\\\/\"},\"sameAs\":[\"https:\\\/\\\/www.facebook.com\\\/grandhotelhradec.cz\\\/\",\"https:\\\/\\\/www.instagram.com\\\/grandhotelhradec\\\/\"]}]}<\/script>\n<!-- \/ Yoast SEO plugin. -->","yoast_head_json":{"title":"Co d\u011blat v Peci pod Sn\u011b\u017ekou | Grand Hotel Hradec","robots":{"index":"index","follow":"follow","max-snippet":"max-snippet:-1","max-image-preview":"max-image-preview:large","max-video-preview":"max-video-preview:-1"},"canonical":"https:\/\/www.grandhotelhradec.cz\/pl\/odkryj-pec-pod-snezkou\/","og_locale":"pl_PL","og_type":"article","og_title":"Co d\u011blat v Peci pod Sn\u011b\u017ekou | Grand Hotel Hradec","og_description":"Pec pod Sn\u011b\u017ekou &#8211; Akce Informace jsou automaticky p\u0159eb\u00edr\u00e1ny z webu pecpodsnezkou.czZm\u011bna programu t\u011bchto akc\u00ed je vyhrazena a je zcela v kompetenci organiz\u00e1tora.","og_url":"https:\/\/www.grandhotelhradec.cz\/pl\/odkryj-pec-pod-snezkou\/","og_site_name":"Grand Hotel Hradec","article_publisher":"https:\/\/www.facebook.com\/grandhotelhradec.cz\/","article_modified_time":"2026-08-24T21:41:56+00:00","og_image":[{"width":2400,"height":1598,"url":"https:\/\/www.grandhotelhradec.cz\/wp-content\/uploads\/2025\/03\/Grand-Hotel-Hradec-Pec-pod-Snezkou-2-AKTIVNI-POBYT-leto.webp","type":"image\/webp"}],"twitter_card":"summary_large_image","twitter_misc":{"Szacowany czas czytania":"1 minuta"},"schema":{"@context":"https:\/\/schema.org","@graph":[{"@type":"WebPage","@id":"https:\/\/www.grandhotelhradec.cz\/objevujte-pec-pod-snezkou\/","url":"https:\/\/www.grandhotelhradec.cz\/objevujte-pec-pod-snezkou\/","name":"Co d\u011blat v Peci pod Sn\u011b\u017ekou | Grand Hotel Hradec","isPartOf":{"@id":"https:\/\/www.grandhotelhradec.cz\/#website"},"primaryImageOfPage":{"@id":"https:\/\/www.grandhotelhradec.cz\/objevujte-pec-pod-snezkou\/#primaryimage"},"image":{"@id":"https:\/\/www.grandhotelhradec.cz\/objevujte-pec-pod-snezkou\/#primaryimage"},"thumbnailUrl":"https:\/\/www.grandhotelhradec.cz\/wp-content\/uploads\/2025\/03\/Grand-Hotel-Hradec-Pec-pod-Snezkou-2-AKTIVNI-POBYT-leto.webp","datePublished":"2025-02-03T22:39:39+00:00","dateModified":"2026-08-24T21:41:56+00:00","breadcrumb":{"@id":"https:\/\/www.grandhotelhradec.cz\/objevujte-pec-pod-snezkou\/#breadcrumb"},"inLanguage":"pl-PL","potentialAction":[{"@type":"ReadAction","target":["https:\/\/www.grandhotelhradec.cz\/objevujte-pec-pod-snezkou\/"]}]},{"@type":"ImageObject","inLanguage":"pl-PL","@id":"https:\/\/www.grandhotelhradec.cz\/objevujte-pec-pod-snezkou\/#primaryimage","url":"https:\/\/www.grandhotelhradec.cz\/wp-content\/uploads\/2025\/03\/Grand-Hotel-Hradec-Pec-pod-Snezkou-2-AKTIVNI-POBYT-leto.webp","contentUrl":"https:\/\/www.grandhotelhradec.cz\/wp-content\/uploads\/2025\/03\/Grand-Hotel-Hradec-Pec-pod-Snezkou-2-AKTIVNI-POBYT-leto.webp","width":2400,"height":1598,"caption":"Grand Hotel Hradec - Pec pod Sn\u011b\u017ekou - AKTIVN\u00cd POBYT"},{"@type":"BreadcrumbList","@id":"https:\/\/www.grandhotelhradec.cz\/objevujte-pec-pod-snezkou\/#breadcrumb","itemListElement":[{"@type":"ListItem","position":1,"name":"Dom\u016f","item":"https:\/\/www.grandhotelhradec.cz\/"},{"@type":"ListItem","position":2,"name":"Objevujte Pec Pod Sn\u011b\u017ekou"}]},{"@type":"WebSite","@id":"https:\/\/www.grandhotelhradec.cz\/#website","url":"https:\/\/www.grandhotelhradec.cz\/","name":"Grand Hotel Hradec","description":"","publisher":{"@id":"https:\/\/www.grandhotelhradec.cz\/#organization"},"potentialAction":[{"@type":"SearchAction","target":{"@type":"EntryPoint","urlTemplate":"https:\/\/www.grandhotelhradec.cz\/?s={search_term_string}"},"query-input":{"@type":"PropertyValueSpecification","valueRequired":true,"valueName":"search_term_string"}}],"inLanguage":"pl-PL"},{"@type":"Organization","@id":"https:\/\/www.grandhotelhradec.cz\/#organization","name":"Grand Hotel Hradec","url":"https:\/\/www.grandhotelhradec.cz\/","logo":{"@type":"ImageObject","inLanguage":"pl-PL","@id":"https:\/\/www.grandhotelhradec.cz\/#\/schema\/logo\/image\/","url":"https:\/\/www.grandhotelhradec.cz\/wp-content\/uploads\/2026\/08\/Grand-Hotel-Hradec-Logo.webp","contentUrl":"https:\/\/www.grandhotelhradec.cz\/wp-content\/uploads\/2026\/08\/Grand-Hotel-Hradec-Logo.webp","width":1920,"height":1920,"caption":"Grand Hotel Hradec"},"image":{"@id":"https:\/\/www.grandhotelhradec.cz\/#\/schema\/logo\/image\/"},"sameAs":["https:\/\/www.facebook.com\/grandhotelhradec.cz\/","https:\/\/www.instagram.com\/grandhotelhradec\/"]}]}},"_links":{"self":[{"href":"https:\/\/www.grandhotelhradec.cz\/pl\/wp-json\/wp\/v2\/pages\/39","targetHints":{"allow":["GET"]}}],"collection":[{"href":"https:\/\/www.grandhotelhradec.cz\/pl\/wp-json\/wp\/v2\/pages"}],"about":[{"href":"https:\/\/www.grandhotelhradec.cz\/pl\/wp-json\/wp\/v2\/types\/page"}],"author":[{"embeddable":true,"href":"https:\/\/www.grandhotelhradec.cz\/pl\/wp-json\/wp\/v2\/users\/1"}],"replies":[{"embeddable":true,"href":"https:\/\/www.grandhotelhradec.cz\/pl\/wp-json\/wp\/v2\/comments?post=39"}],"version-history":[{"count":4,"href":"https:\/\/www.grandhotelhradec.cz\/pl\/wp-json\/wp\/v2\/pages\/39\/revisions"}],"predecessor-version":[{"id":730,"href":"https:\/\/www.grandhotelhradec.cz\/pl\/wp-json\/wp\/v2\/pages\/39\/revisions\/730"}],"wp:featuredmedia":[{"embeddable":true,"href":"https:\/\/www.grandhotelhradec.cz\/pl\/wp-json\/wp\/v2\/media\/741"}],"wp:attachment":[{"href":"https:\/\/www.grandhotelhradec.cz\/pl\/wp-json\/wp\/v2\/media?parent=39"}],"curies":[{"name":"wp","href":"https:\/\/api.w.org\/{rel}","templated":true}]}}