{"id":2,"date":"2025-02-03T21:33:00","date_gmt":"2025-02-03T20:33:00","guid":{"rendered":"https:\/\/www.grandhotelhradec.cz\/?page_id=2"},"modified":"2026-03-30T15:36:42","modified_gmt":"2026-03-30T13:36:42","slug":"grand-hotel-hradec","status":"publish","type":"page","link":"https:\/\/www.grandhotelhradec.cz\/pl\/","title":{"rendered":"Grand Hotel Hradec"},"content":{"rendered":"<div class=\"wp-block-cover has-custom-content-position is-position-bottom-center intro\" style=\"min-height:100vh;aspect-ratio:unset;\"><img loading=\"lazy\" decoding=\"async\" width=\"2000\" height=\"1335\" class=\"wp-block-cover__image-background wp-image-738 size-large\" alt=\"Grand Hotel Hradec, Pec pod \u015anie\u017ck\u0105\" src=\"https:\/\/www.grandhotelhradec.cz\/wp-content\/uploads\/2025\/03\/Grand-Hotel-Hradec-Pec-pod-Snezkou-leto-1-2000x1335.webp\" data-object-fit=\"cover\" srcset=\"https:\/\/www.grandhotelhradec.cz\/wp-content\/uploads\/2025\/03\/Grand-Hotel-Hradec-Pec-pod-Snezkou-leto-1-2000x1335.webp 2000w, https:\/\/www.grandhotelhradec.cz\/wp-content\/uploads\/2025\/03\/Grand-Hotel-Hradec-Pec-pod-Snezkou-leto-1-600x400.webp 600w, https:\/\/www.grandhotelhradec.cz\/wp-content\/uploads\/2025\/03\/Grand-Hotel-Hradec-Pec-pod-Snezkou-leto-1-18x12.webp 18w\" sizes=\"auto, (max-width: 2000px) 100vw, 2000px\" \/><span aria-hidden=\"true\" class=\"wp-block-cover__background has-background-dim-0 has-background-dim\"><\/span><div class=\"wp-block-cover__inner-container is-layout-constrained wp-block-cover-is-layout-constrained\">\n<h2 class=\"wp-block-heading has-text-align-center\">JEDYNY GRANDHOTEL POD \u015aNIE\u017bK\u0104<\/h2>\n\n\n\n<h3 class=\"wp-block-heading has-text-align-center\">Alpejska jako\u015b\u0107 na wyci\u0105gni\u0119cie r\u0119ki<\/h3>\n<\/div><\/div>\n\n\n\n<div class=\"wp-block-group introtext\"><div class=\"wp-block-group__inner-container is-layout-constrained wp-block-group-is-layout-constrained\">\n<h1 class=\"wp-block-heading\">Witamy w Grand Hotelu Hradec<\/h1>\n\n\n\n<p class=\"translation-block\"><strong>Grand Hotel Hradec w Pecu pod \u015anie\u017ck\u0105<\/strong> zrodzi\u0142 si\u0119 z inspiracji pi\u0119knem g\u00f3rskiej przyrody i pragnienia harmonijnego wkomponowania architektury w wyj\u0105tkowe miejsce. Charyzmatyczny hotel jest klejnotem osadzonym w samym sercu Karkonoszy, efektem niestrudzonej i precyzyjnej pracy czo\u0142owych czeskich architekt\u00f3w z pracowni Mimolimit. Ca\u0142a koncepcja architektoniczna jest zgodna z ide\u0105 zapewnienia naszym go\u015bciom idealnego wypoczynku w bezpo\u015brednim kontakcie z natur\u0105, a r\u00f3wnocze\u015bnie w warunkach maksymalnego komfortu XXI wieku. Czyste linie, umiar, szlachetne naturalne materia\u0142y, oryginalno\u015b\u0107, wysoka jako\u015b\u0107 wykonania oraz wszechobecna pokora wobec natury to atrybuty Grand Hotelu Hradec, z kt\u00f3rego jeste\u015bmy bardzo dumni. Przygotowali\u015bmy dla Pa\u0144stwa <\/strong>68 wyj\u0105tkowych pokoj\u00f3w<\/strong>, w kt\u00f3rych poczuj\u0105 si\u0119 Pa\u0144stwo dos\u0142ownie jak kr\u00f3lowie. <strong>Stylowa restauracja oraz bar<\/strong> to miejsca do przyjemnych spotka\u0144 towarzyskich oraz zaspokojenia podniebienia naszych go\u015bci.<\/p>\n\n\n\n<p class=\"translation-block\">W \u015bwietnie wyposa\u017conym centrum wellness mo\u017cna skorzysta\u0107 z szerokiej oferty zabieg\u00f3w relaksuj\u0105cych. Tym z Pa\u0144stwa, kt\u00f3rzy chc\u0105 po\u0142\u0105czy\u0107 przyjemne z po\u017cytecznym, oferujemy przemy\u015blane i \u015bwietnie wyposa\u017cone pod wzgl\u0119dem technicznym du\u017ce i ma\u0142e <strong>sale konferencyjne<\/strong>, kt\u00f3re pomieszcz\u0105 180 os\u00f3b. To wszystko wraz z doskona\u0142\u0105 obs\u0142ug\u0105 naszego profesjonalnego zespo\u0142u.<\/p>\n\n\n\n<p id=\"ski\" class=\"translation-block\">W <strong>Grand Hotelu Hradec w Pecu pod \u015anie\u017ck\u0105<\/strong> b\u0119d\u0105 si\u0119 Pa\u0144stwo czuli \u015bwietnie, niezale\u017cnie od wieku, celu wizyty i nastroju. U nas b\u0119d\u0105 si\u0119 wy\u015bmienicie bawi\u0107 go\u015bcie wszystkich pokole\u0144, zakochane pary, rodziny z dzie\u0107mi, aktywni sportowcy i mi\u0142o\u015bnicy zabawy, mi\u0142o\u015bnicy szlak\u00f3w turystycznych, romantycy i pragmatycy. Witamy wszystkich, kt\u00f3rzy pragn\u0105 zaczerpn\u0105\u0107 si\u0142 na \u0142onie pi\u0119knej, karkonoskiej przyrody i r\u00f3wnocze\u015bnie chc\u0105 by\u0107 rozpieszczani komfortem.<\/p>\n\n\n\n<p>&nbsp;<\/p>\n\n\n\n<figure class=\"wp-block-image size-full\"><img loading=\"lazy\" decoding=\"async\" width=\"126\" height=\"120\" src=\"https:\/\/www.grandhotelhradec.cz\/wp-content\/uploads\/2025\/02\/Grand-Hotel-Hradec-H.png\" alt=\"Grand Hotel Hradec - H\" class=\"wp-image-91\"\/><\/figure>\n<\/div><\/div>\n\n\n\n<h2 class=\"wp-block-heading has-text-align-center\">POKOJE I SUITES<\/h2>\n\n\n\n<div class=\"wp-block-cb-carousel\" data-slick=\"{&quot;slidesToShow&quot;:3,&quot;slidesToScroll&quot;:3,&quot;speed&quot;:300,&quot;arrows&quot;:true,&quot;dots&quot;:true,&quot;autoplay&quot;:false,&quot;autoplaySpeed&quot;:3000,&quot;infinite&quot;:true,&quot;responsive&quot;:[{&quot;breakpoint&quot;:1271,&quot;settings&quot;:{&quot;slidesToShow&quot;:1,&quot;slidesToScroll&quot;:1}}]}\">\n<div class=\"wp-block-cb-slide\">\n<figure class=\"wp-block-image size-large\"><a href=\"https:\/\/www.grandhotelhradec.cz\/pl\/pokoje\/superior-pokoj-dwuosobowy\/\"><img loading=\"lazy\" decoding=\"async\" width=\"2000\" height=\"1335\" src=\"https:\/\/www.grandhotelhradec.cz\/wp-content\/uploads\/2025\/02\/Grand-Hotel-Hradec-Pec-pod-Snezkou-Superior-dvouluzkovy-pokoj-08-2000x1335.jpg\" alt=\"Grand Hotel Hradec - Pec pod Sn\u011b\u017ekou - Pok\u00f3j dwuosobowy typu superior 08\" class=\"wp-image-133\" srcset=\"https:\/\/www.grandhotelhradec.cz\/wp-content\/uploads\/2025\/02\/Grand-Hotel-Hradec-Pec-pod-Snezkou-Superior-dvouluzkovy-pokoj-08-2000x1335.jpg 2000w, https:\/\/www.grandhotelhradec.cz\/wp-content\/uploads\/2025\/02\/Grand-Hotel-Hradec-Pec-pod-Snezkou-Superior-dvouluzkovy-pokoj-08-600x401.jpg 600w\" sizes=\"auto, (max-width: 2000px) 100vw, 2000px\" \/><\/a><\/figure>\n\n\n\n<h3 class=\"wp-block-heading\"><a href=\"https:\/\/www.grandhotelhradec.cz\/pl\/pokoje\/superior-pokoj-dwuosobowy\/\">Superior pok\u00f3j dwuosobowy<\/a><\/h3>\n\n\n\n<p>Pokoje typu Superior to wyj\u0105tkowe po\u0142\u0105czenie nowoczesnego wzornictwa, elegancji, gustu, wygody i funkcjonalnej przestrzeni.<\/p>\n\n\n\n<div class=\"wp-block-buttons is-layout-flex wp-block-buttons-is-layout-flex\">\n<div class=\"wp-block-button rezervace\"><a class=\"wp-block-button__link wp-element-button\" href=\"https:\/\/grandhotelhradec.book-onlinenow.net\/index.aspx?cur=PLN&amp;lan_id=pl-PL&amp;Page=19\" target=\"_blank\" rel=\"\">Zarezerwuj<\/a><\/div>\n<\/div>\n<\/div>\n\n\n\n<div class=\"wp-block-cb-slide\">\n<figure class=\"wp-block-image size-large\"><a href=\"https:\/\/www.grandhotelhradec.cz\/pl\/pokoje\/superior-pokoj-trzyosobowy\/\"><img loading=\"lazy\" decoding=\"async\" width=\"2000\" height=\"1335\" src=\"https:\/\/www.grandhotelhradec.cz\/wp-content\/uploads\/2025\/02\/Grand-Hotel-Hradec-Pec-pod-Snezkou-Superior-triluzkovy-pokoj-03-2000x1335.jpg\" alt=\"Grand Hotel Hradec - Pec pod Sn\u011b\u017ekou - Pok\u00f3j trzyosobowy typu superior 03\" class=\"wp-image-139\" srcset=\"https:\/\/www.grandhotelhradec.cz\/wp-content\/uploads\/2025\/02\/Grand-Hotel-Hradec-Pec-pod-Snezkou-Superior-triluzkovy-pokoj-03-2000x1335.jpg 2000w, https:\/\/www.grandhotelhradec.cz\/wp-content\/uploads\/2025\/02\/Grand-Hotel-Hradec-Pec-pod-Snezkou-Superior-triluzkovy-pokoj-03-600x401.jpg 600w\" sizes=\"auto, (max-width: 2000px) 100vw, 2000px\" \/><\/a><\/figure>\n\n\n\n<h3 class=\"wp-block-heading\"><a href=\"https:\/\/www.grandhotelhradec.cz\/pl\/pokoje\/superior-pokoj-trzyosobowy\/\">Superior pok\u00f3j trzyosobowy<\/a><\/h3>\n\n\n\n<p>Pokoje typu Superior to wyj\u0105tkowe po\u0142\u0105czenie nowoczesnego wzornictwa, elegancji, gustu, wygody i funkcjonalnej przestrzeni.<\/p>\n\n\n\n<div class=\"wp-block-buttons is-layout-flex wp-block-buttons-is-layout-flex\">\n<div class=\"wp-block-button rezervace\"><a class=\"wp-block-button__link wp-element-button\" href=\"https:\/\/grandhotelhradec.book-onlinenow.net\/index.aspx?cur=PLN&amp;lan_id=pl-PL&amp;Page=19\" target=\"_blank\" rel=\"\">Zarezerwuj<\/a><\/div>\n<\/div>\n<\/div>\n\n\n\n<div class=\"wp-block-cb-slide\">\n<figure class=\"wp-block-image size-large\"><a href=\"https:\/\/www.grandhotelhradec.cz\/pl\/pokoje\/deluxe-pokoj-dwuosobowy-z-tarasem-lub-balkonem\/\"><img loading=\"lazy\" decoding=\"async\" width=\"2000\" height=\"1335\" src=\"https:\/\/www.grandhotelhradec.cz\/wp-content\/uploads\/2025\/02\/Grand-Hotel-Hradec-Pec-pod-Snezkou-Deluxe-dvouluzkovy-pokoj-s-terasou-nebo-balkonem-01-2000x1335.jpg\" alt=\"Grand Hotel Hradec - Pec pod Sn\u011b\u017ekou - Pok\u00f3j dwuosobowy typu deluxe z tarasem lub balkonem 01\" class=\"wp-image-146\" srcset=\"https:\/\/www.grandhotelhradec.cz\/wp-content\/uploads\/2025\/02\/Grand-Hotel-Hradec-Pec-pod-Snezkou-Deluxe-dvouluzkovy-pokoj-s-terasou-nebo-balkonem-01-2000x1335.jpg 2000w, https:\/\/www.grandhotelhradec.cz\/wp-content\/uploads\/2025\/02\/Grand-Hotel-Hradec-Pec-pod-Snezkou-Deluxe-dvouluzkovy-pokoj-s-terasou-nebo-balkonem-01-600x401.jpg 600w\" sizes=\"auto, (max-width: 2000px) 100vw, 2000px\" \/><\/a><\/figure>\n\n\n\n<h3 class=\"wp-block-heading\"><a href=\"https:\/\/www.grandhotelhradec.cz\/pl\/pokoje\/deluxe-pokoj-dwuosobowy-z-tarasem-lub-balkonem\/\">Deluxe pok\u00f3j dwuosobowy z tarasem lub balkonem<\/a><\/h3>\n\n\n\n<p>Pokoje typu Deluxe z balkonem lub tarasem, o powierzchni 34 m2, to wyj\u0105tkowe po\u0142\u0105czenie nowoczesnego wzornictwa, elegancji, gustu, wygody i funkcjonalnej przestrzeni.<\/p>\n\n\n\n<div class=\"wp-block-buttons is-layout-flex wp-block-buttons-is-layout-flex\">\n<div class=\"wp-block-button rezervace\"><a class=\"wp-block-button__link wp-element-button\" href=\"https:\/\/grandhotelhradec.book-onlinenow.net\/index.aspx?cur=PLN&amp;lan_id=pl-PL&amp;Page=19\" target=\"_blank\" rel=\"\">Zarezerwuj<\/a><\/div>\n<\/div>\n<\/div>\n\n\n\n<div class=\"wp-block-cb-slide\">\n<figure class=\"wp-block-image size-large\"><a href=\"https:\/\/www.grandhotelhradec.cz\/pl\/pokoje\/apartament-typu-junior-suite\/\"><img loading=\"lazy\" decoding=\"async\" width=\"2000\" height=\"1335\" src=\"https:\/\/www.grandhotelhradec.cz\/wp-content\/uploads\/2025\/02\/Grand-Hotel-Hradec-Pec-pod-Snezkou-junior-suite-02-2000x1335.jpg\" alt=\"Grand Hotel Hradec - Pec pod Sn\u011b\u017ekou - apartament typu junior suite 02\" class=\"wp-image-169\" srcset=\"https:\/\/www.grandhotelhradec.cz\/wp-content\/uploads\/2025\/02\/Grand-Hotel-Hradec-Pec-pod-Snezkou-junior-suite-02-2000x1335.jpg 2000w, https:\/\/www.grandhotelhradec.cz\/wp-content\/uploads\/2025\/02\/Grand-Hotel-Hradec-Pec-pod-Snezkou-junior-suite-02-600x401.jpg 600w\" sizes=\"auto, (max-width: 2000px) 100vw, 2000px\" \/><\/a><\/figure>\n\n\n\n<h3 class=\"wp-block-heading\"><a href=\"https:\/\/www.grandhotelhradec.cz\/pl\/pokoje\/apartament-typu-junior-suite\/\">Junior Suite<\/a><\/h3>\n\n\n\n<p>Pokoje typu Junior Suite o powierzchni 42 m2, to wyj\u0105tkowe po\u0142\u0105czenie nowoczesnego wzornictwa, elegancji, gustu, wygody i funkcjonalnej przestrzeni.<\/p>\n\n\n\n<div class=\"wp-block-buttons is-layout-flex wp-block-buttons-is-layout-flex\">\n<div class=\"wp-block-button rezervace\"><a class=\"wp-block-button__link wp-element-button\" href=\"https:\/\/grandhotelhradec.book-onlinenow.net\/index.aspx?cur=PLN&amp;lan_id=pl-PL&amp;Page=19\" target=\"_blank\" rel=\"\">Zarezerwuj<\/a><\/div>\n<\/div>\n<\/div>\n\n\n\n<div class=\"wp-block-cb-slide\">\n<figure class=\"wp-block-image size-large\"><a href=\"https:\/\/www.grandhotelhradec.cz\/pl\/pokoje\/superior-suite-z-tarasem\/\"><img loading=\"lazy\" decoding=\"async\" width=\"2000\" height=\"1335\" src=\"https:\/\/www.grandhotelhradec.cz\/wp-content\/uploads\/2025\/02\/Grand-Hotel-Hradec-Pec-pod-Snezkou-Superior-suite-s-terasou-2000x1335.jpg\" alt=\"Grand Hotel Hradec - Pec pod Sn\u011b\u017ekou - Apartament typu superior z tarasem\" class=\"wp-image-574\" srcset=\"https:\/\/www.grandhotelhradec.cz\/wp-content\/uploads\/2025\/02\/Grand-Hotel-Hradec-Pec-pod-Snezkou-Superior-suite-s-terasou-2000x1335.jpg 2000w, https:\/\/www.grandhotelhradec.cz\/wp-content\/uploads\/2025\/02\/Grand-Hotel-Hradec-Pec-pod-Snezkou-Superior-suite-s-terasou-600x401.jpg 600w, https:\/\/www.grandhotelhradec.cz\/wp-content\/uploads\/2025\/02\/Grand-Hotel-Hradec-Pec-pod-Snezkou-Superior-suite-s-terasou-18x12.jpg 18w\" sizes=\"auto, (max-width: 2000px) 100vw, 2000px\" \/><\/a><\/figure>\n\n\n\n<h3 class=\"wp-block-heading\"><a href=\"https:\/\/www.grandhotelhradec.cz\/pl\/pokoje\/apartament-typu-junior-suite\/\"><\/a><a href=\"https:\/\/www.grandhotelhradec.cz\/pl\/pokoje\/superior-suite-z-tarasem\/\">Superior suite z tarasem<\/a><\/h3>\n\n\n\n<p>Stylowo urz\u0105dzone pokoje typu Superior Suite o powierzchni 60 m2 oferuj\u0105 wygod\u0119, ponadczasowo\u015b\u0107 i nowoczesne wzornictwo oraz balkon lub taras zewn\u0119trzny.<\/p>\n\n\n\n<div class=\"wp-block-buttons is-layout-flex wp-block-buttons-is-layout-flex\">\n<div class=\"wp-block-button rezervace\"><a class=\"wp-block-button__link wp-element-button\" href=\"https:\/\/grandhotelhradec.book-onlinenow.net\/index.aspx?cur=PLN&amp;lan_id=pl-PL&amp;Page=19\" target=\"_blank\" rel=\"\">Zarezerwuj<\/a><\/div>\n<\/div>\n<\/div>\n\n\n\n<div class=\"wp-block-cb-slide\">\n<figure class=\"wp-block-image size-large\"><a href=\"https:\/\/www.grandhotelhradec.cz\/pl\/pokoje\/deluxe-pokoj-rodzinny\/\"><img loading=\"lazy\" decoding=\"async\" width=\"2000\" height=\"1335\" src=\"https:\/\/www.grandhotelhradec.cz\/wp-content\/uploads\/2025\/02\/Grand-Hotel-Hradec-Pec-pod-Snezkou-Rodinny-pokoj-Deluxe-01-2000x1335.webp\" alt=\"Grand Hotel Hradec - Pec pod Sn\u011b\u017ekou - Pok\u00f3j rodzinny typu deluxe 01\" class=\"wp-image-157\" srcset=\"https:\/\/www.grandhotelhradec.cz\/wp-content\/uploads\/2025\/02\/Grand-Hotel-Hradec-Pec-pod-Snezkou-Rodinny-pokoj-Deluxe-01-2000x1335.webp 2000w, https:\/\/www.grandhotelhradec.cz\/wp-content\/uploads\/2025\/02\/Grand-Hotel-Hradec-Pec-pod-Snezkou-Rodinny-pokoj-Deluxe-01-600x401.webp 600w\" sizes=\"auto, (max-width: 2000px) 100vw, 2000px\" \/><\/a><\/figure>\n\n\n\n<h3 class=\"wp-block-heading\"><a href=\"https:\/\/www.grandhotelhradec.cz\/pl\/pokoje\/apartament-typu-junior-suite\/\"><\/a><a href=\"https:\/\/www.grandhotelhradec.cz\/pl\/pokoje\/superior-suite-z-tarasem\/\"><\/a><a href=\"https:\/\/www.grandhotelhradec.cz\/pl\/pokoje\/deluxe-pokoj-rodzinny\/\">Deluxe pok\u00f3j rodzinny<\/a><\/h3>\n\n\n\n<p>Pokoje typu Deluxe Pok\u00f3j Rodzinny to wyj\u0105tkowe po\u0142\u0105czenie dw\u00f3ch stylowych pokoj\u00f3w o \u0142\u0105cznej powierzchni 68 m2. S\u0105 przeznaczone dla 4 do 5 os\u00f3b.<\/p>\n\n\n\n<div class=\"wp-block-buttons is-layout-flex wp-block-buttons-is-layout-flex\">\n<div class=\"wp-block-button rezervace\"><a class=\"wp-block-button__link wp-element-button\" href=\"https:\/\/grandhotelhradec.book-onlinenow.net\/index.aspx?cur=PLN&amp;lan_id=pl-PL&amp;Page=19\" target=\"_blank\" rel=\"\">Zarezerwuj<\/a><\/div>\n<\/div>\n<\/div>\n\n\n\n<div class=\"wp-block-cb-slide\">\n<figure class=\"wp-block-image size-full\"><a href=\"https:\/\/www.grandhotelhradec.cz\/pl\/pokoje\/snezka-royal-penthouse\/\"><img loading=\"lazy\" decoding=\"async\" width=\"1366\" height=\"912\" src=\"https:\/\/www.grandhotelhradec.cz\/wp-content\/uploads\/2025\/02\/Snezka-Royal-Penthouse-Pec-pod-Snezkou-18.webp\" alt=\"\u015anie\u017cka Royal Penthouse - Pec pod \u015anie\u017ck\u0105 - 18\" class=\"wp-image-183\" srcset=\"https:\/\/www.grandhotelhradec.cz\/wp-content\/uploads\/2025\/02\/Snezka-Royal-Penthouse-Pec-pod-Snezkou-18.webp 1366w, https:\/\/www.grandhotelhradec.cz\/wp-content\/uploads\/2025\/02\/Snezka-Royal-Penthouse-Pec-pod-Snezkou-18-600x401.webp 600w\" sizes=\"auto, (max-width: 1366px) 100vw, 1366px\" \/><\/a><\/figure>\n\n\n\n<h3 class=\"wp-block-heading\"><a href=\"https:\/\/www.grandhotelhradec.cz\/pl\/pokoje\/apartament-typu-junior-suite\/\"><\/a><a href=\"https:\/\/www.grandhotelhradec.cz\/pl\/pokoje\/superior-suite-z-tarasem\/\"><\/a><a href=\"https:\/\/www.grandhotelhradec.cz\/pl\/pokoje\/deluxe-pokoj-rodzinny\/\"><\/a><a href=\"https:\/\/www.grandhotelhradec.cz\/pl\/pokoje\/snezka-royal-penthouse\/\">Sn\u011b\u017eka Royal Penthouse<\/a><\/h3>\n\n\n\n<p>\u015anie\u017cka Royal Penthouse to wn\u0119trze zupe\u0142nie wyj\u0105tkowe, imponuj\u0105ce, przesycone malowniczo\u015bci\u0105 g\u00f3r.  Dwukondygnacyjny Penthouse o powierzchni 155 m2 oferuje ponad standardowo wyposa\u017cone nowoczesne pokoje.<\/p>\n\n\n\n<div class=\"wp-block-buttons is-layout-flex wp-block-buttons-is-layout-flex\">\n<div class=\"wp-block-button rezervace\"><a class=\"wp-block-button__link wp-element-button\" href=\"https:\/\/grandhotelhradec.book-onlinenow.net\/index.aspx?cur=PLN&amp;lan_id=pl-PL&amp;Page=19\" target=\"_blank\" rel=\"\">Zarezerwuj<\/a><\/div>\n<\/div>\n<\/div>\n<\/div>\n\n\n\n<div class=\"wp-block-media-text is-stacked-on-mobile is-image-fill-element\" style=\"grid-template-columns:70% auto\"><figure class=\"wp-block-media-text__media\"><img loading=\"lazy\" decoding=\"async\" width=\"1920\" height=\"1282\" src=\"https:\/\/www.grandhotelhradec.cz\/wp-content\/uploads\/2025\/02\/Grand-Hotel-Hradec-Restaurace-Meat-Meet.webp\" alt=\"Grand Hotel Hradec - Restauracja Meat &amp; Meet\" class=\"wp-image-84 size-full\" style=\"object-position:50% 50%\" srcset=\"https:\/\/www.grandhotelhradec.cz\/wp-content\/uploads\/2025\/02\/Grand-Hotel-Hradec-Restaurace-Meat-Meet.webp 1920w, https:\/\/www.grandhotelhradec.cz\/wp-content\/uploads\/2025\/02\/Grand-Hotel-Hradec-Restaurace-Meat-Meet-600x401.webp 600w\" sizes=\"auto, (max-width: 1920px) 100vw, 1920px\" \/><\/figure><div class=\"wp-block-media-text__content\">\n<h2 class=\"wp-block-heading\">GASTRONOMIA<\/h2>\n\n\n\n<h3 class=\"wp-block-heading\">Restaurant Meat &amp; Meet<\/h3>\n\n\n\n<p class=\"translation-block\">W naszej stylowej <strong>restauracji Meat &amp; Meet<\/strong> mo\u017cna skosztowa\u0107 doskona\u0142ej nowoczesnej kuchni czeskiej, stek\u00f3w z sezonowanego mi\u0119sa oraz potraw z surowc\u00f3w organicznych, kt\u00f3re pochodz\u0105 z naszej farmy ekologicznej Annovice. Nasz zesp\u00f3\u0142 stworzy\u0142 dla Pa\u0144stwa menu sk\u0142adaj\u0105ce z tradycyjnych da\u0144 przygotowywanych z pomoc\u0105 nowoczesnych technik kulinarnych. Poznaj wyrafinowan\u0105 harmoni\u0119 smak\u00f3w w magicznym otoczeniu naszej stylowej restauracji.<\/p>\n\n\n\n<p>Do restauracji nale\u017cy tak\u017ce bar z bogat\u0105 ofert\u0105 wy\u015bmienitych piw i dobrej jako\u015bci win.<\/p>\n\n\n\n<div class=\"wp-block-buttons is-layout-flex wp-block-buttons-is-layout-flex\">\n<div class=\"wp-block-button\"><a class=\"wp-block-button__link wp-element-button\" href=\"https:\/\/www.grandhotelhradec.cz\/pl\/gastronomia\/\">Gastronomia<\/a><\/div>\n<\/div>\n<\/div><\/div>\n\n\n\n<div class=\"wp-block-media-text has-media-on-the-right is-stacked-on-mobile is-image-fill-element\" style=\"grid-template-columns:auto 70%\"><div class=\"wp-block-media-text__content\">\n<h2 class=\"wp-block-heading\">WELLNESS<\/h2>\n\n\n\n<h3 class=\"wp-block-heading\">Bubbly Wellness<\/h3>\n\n\n\n<p class=\"translation-block\">Pozw\u00f3l sobie zapomnie\u0107 o k\u0142opotach \u017cycia codziennego i oddaj si\u0119 pod opiek\u0119 profesjonalnych terapeut\u00f3w w naszym <strong>wyj\u0105tkowym wellness<\/strong>. Wn\u0119trza wyposa\u017cone w naturalnym stylu z widokiem na przepi\u0119kne stoki g\u00f3rskie, szeroka oferta zabieg\u00f3w i masa\u017cy oraz upajaj\u0105cy spok\u00f3j \u2013 wszystko to zapewni ci idealny odpoczynek. Bubbly Wellness jest przeznaczone g\u0142\u00f3wnie dla go\u015bci hotelu, dysponuje 40 miejscami, ale mo\u017cna te\u017c skorzysta\u0107 z prywatnego wellness.<\/p>\n\n\n\n<p>Jeszcze intensywniejsze doznania zapewni kieliszek szlachetnego wina Bordeux, Champagne lub Prosecco.<\/p>\n\n\n\n<div class=\"wp-block-buttons is-layout-flex wp-block-buttons-is-layout-flex\">\n<div class=\"wp-block-button\"><a class=\"wp-block-button__link wp-element-button\" href=\"https:\/\/www.grandhotelhradec.cz\/pl\/wellness\/\">Wellness<\/a><\/div>\n<\/div>\n<\/div><figure class=\"wp-block-media-text__media\"><img loading=\"lazy\" decoding=\"async\" width=\"1920\" height=\"1282\" src=\"https:\/\/www.grandhotelhradec.cz\/wp-content\/uploads\/2025\/02\/Grand-Hotel-Hradec-Wellness.webp\" alt=\"Grand Hotel Hradec - Wellness\" class=\"wp-image-88 size-full\" style=\"object-position:50% 50%\" srcset=\"https:\/\/www.grandhotelhradec.cz\/wp-content\/uploads\/2025\/02\/Grand-Hotel-Hradec-Wellness.webp 1920w, https:\/\/www.grandhotelhradec.cz\/wp-content\/uploads\/2025\/02\/Grand-Hotel-Hradec-Wellness-600x401.webp 600w\" sizes=\"auto, (max-width: 1920px) 100vw, 1920px\" \/><\/figure><\/div>\n\n\n\n<div class=\"wp-block-media-text is-stacked-on-mobile is-image-fill-element\" style=\"grid-template-columns:70% auto\"><figure class=\"wp-block-media-text__media\"><img loading=\"lazy\" decoding=\"async\" width=\"1920\" height=\"1282\" src=\"https:\/\/www.grandhotelhradec.cz\/wp-content\/uploads\/2025\/02\/Grand-Hotel-Hradec-Snezka-Royal-Penthouse.webp\" alt=\"Grand Hotel Hradec - Snezka Royal Penthouse\" class=\"wp-image-87 size-full\" style=\"object-position:50% 50%\" srcset=\"https:\/\/www.grandhotelhradec.cz\/wp-content\/uploads\/2025\/02\/Grand-Hotel-Hradec-Snezka-Royal-Penthouse.webp 1920w, https:\/\/www.grandhotelhradec.cz\/wp-content\/uploads\/2025\/02\/Grand-Hotel-Hradec-Snezka-Royal-Penthouse-600x401.webp 600w\" sizes=\"auto, (max-width: 1920px) 100vw, 1920px\" \/><\/figure><div class=\"wp-block-media-text__content\">\n<h2 class=\"wp-block-heading\">SN\u011a\u017dKA ROYAL PENTHOUSE<\/h2>\n\n\n\n<h3 class=\"wp-block-heading\">Naprawd\u0119 wyj\u0105tkowy!<\/h3>\n\n\n\n<p class=\"translation-block\">Zale\u017cy Ci na czym\u015b zupe\u0142nie wyj\u0105tkowym? Lubisz towarzystwo, ale cenisz sobie zupe\u0142n\u0105 prywatno\u015b\u0107? Zapraszamy do naszego wyj\u0105tkowego \u015anie\u017cka Royal Penthouse. Dwukondygnacyjny \u015anie\u017cka Royal Penthouse oferuje powierzchni\u0119 155 m2, trzy pokoje, trzy \u0142azienki, dwa otwarte tarasy, panoramiczne widoki, jacuzzi, osobne wej\u015bcie i w\u0142asn\u0105 obs\u0142ug\u0119 ...<\/p>\n\n\n\n<div class=\"wp-block-buttons is-layout-flex wp-block-buttons-is-layout-flex\">\n<div class=\"wp-block-button\"><a class=\"wp-block-button__link wp-element-button\" href=\"https:\/\/www.grandhotelhradec.cz\/pl\/snezka-royal-penthouse\/\">Sn\u011b\u017eka Royal Penthouse<\/a><\/div>\n<\/div>\n<\/div><\/div>\n\n\n\n<div class=\"wp-block-media-text has-media-on-the-right is-stacked-on-mobile is-image-fill-element\" style=\"grid-template-columns:auto 70%\"><div class=\"wp-block-media-text__content\">\n<h2 class=\"wp-block-heading\">POMIESZCZENIA KONFERENCYJNE<\/h2>\n\n\n\n<h3 class=\"wp-block-heading\">Ilo\u015b\u0107 miejsc a\u017c 180<\/h3>\n\n\n\n<p class=\"translation-block\">Poszukuj\u0105 Pa\u0144stwo <strong>reprezentacyjnych pomieszcze\u0144<\/strong> do zorganizowania szkolenia, konferencji, spotkania handlowego, publicznej projekcji, warsztat\u00f3w lub prywatnej uroczysto\u015bci?  Czy odpowiada Pa\u0144stwu pi\u0119kne, dok\u0142adnie przemy\u015blane wn\u0119trze z dostateczn\u0105 ilo\u015bci \u015bwiat\u0142a dziennego, wyposa\u017cone w rekuperacj\u0119 \u015bwie\u017cego powietrza oraz najnowsze zaplecze techniczne?  Je\u017celi odpowied\u017a brzmi tak, to nasze pomieszczenia konferencyjne s\u0105 dok\u0142adnie tym, czego Pa\u0144stwo szukaj\u0105. Bonusem dla uczestnik\u00f3w jest czaruj\u0105ce atrium pomi\u0119dzy pomieszczeniami konferencyjnymi a rzecz\u0105 oczywist\u0105 jest nasz profesjonalny serwis oraz \u015bwietna kuchnia.<\/p>\n\n\n\n<div class=\"wp-block-buttons is-layout-flex wp-block-buttons-is-layout-flex\">\n<div class=\"wp-block-button\"><a class=\"wp-block-button__link wp-element-button\" href=\"https:\/\/www.grandhotelhradec.cz\/pl\/konferencja\/\">Sale konferencyjne<\/a><\/div>\n<\/div>\n<\/div><figure class=\"wp-block-media-text__media\"><img loading=\"lazy\" decoding=\"async\" width=\"1920\" height=\"1282\" src=\"https:\/\/www.grandhotelhradec.cz\/wp-content\/uploads\/2025\/02\/Grand-Hotel-Hradec-Konference.webp\" alt=\"Grand Hotel Hradec - Konferencja\" class=\"wp-image-86 size-full\" style=\"object-position:50% 50%\" srcset=\"https:\/\/www.grandhotelhradec.cz\/wp-content\/uploads\/2025\/02\/Grand-Hotel-Hradec-Konference.webp 1920w, https:\/\/www.grandhotelhradec.cz\/wp-content\/uploads\/2025\/02\/Grand-Hotel-Hradec-Konference-600x401.webp 600w\" sizes=\"auto, (max-width: 1920px) 100vw, 1920px\" \/><\/figure><\/div>\n\n\n\n<div style=\"height:100px\" aria-hidden=\"true\" class=\"wp-block-spacer\"><\/div>\n\n\n\n<h2 class=\"wp-block-heading has-text-align-center\">OFERTY SPECJALNE<\/h2>\n\n\n\n<div class=\"wp-block-cb-carousel\" data-slick=\"{&quot;slidesToShow&quot;:3,&quot;slidesToScroll&quot;:3,&quot;speed&quot;:300,&quot;arrows&quot;:true,&quot;dots&quot;:true,&quot;autoplay&quot;:false,&quot;autoplaySpeed&quot;:3000,&quot;infinite&quot;:true,&quot;responsive&quot;:[{&quot;breakpoint&quot;:1271,&quot;settings&quot;:{&quot;slidesToShow&quot;:1,&quot;slidesToScroll&quot;:1}}]}\">\n<div class=\"wp-block-cb-slide\">\n<figure class=\"wp-block-image size-full\"><a class=\"rezervace\" href=\"https:\/\/grandhotelhradec.book-onlinenow.net\/index.aspx?Page=14&amp;cur=PLN&amp;lan_id=pl-PL\" target=\"_blank\"><img loading=\"lazy\" decoding=\"async\" width=\"1366\" height=\"894\" src=\"https:\/\/www.grandhotelhradec.cz\/wp-content\/uploads\/2025\/02\/sleva-10.jpg\" alt=\"rabat 10%\" class=\"wp-image-384\" srcset=\"https:\/\/www.grandhotelhradec.cz\/wp-content\/uploads\/2025\/02\/sleva-10.jpg 1366w, https:\/\/www.grandhotelhradec.cz\/wp-content\/uploads\/2025\/02\/sleva-10-600x393.jpg 600w\" sizes=\"auto, (max-width: 1366px) 100vw, 1366px\" \/><\/a><\/figure>\n\n\n\n<h3 class=\"wp-block-heading\">Zosta\u0144 d\u0142u\u017cej i zaoszcz\u0119d\u017a 10%<\/h3>\n\n\n\n<p>D\u0142ugo\u015b\u0107 pobytu od 3 nocy - brak mo\u017cliwo\u015bci anulowania<\/p>\n\n\n\n<div class=\"wp-block-buttons is-layout-flex wp-block-buttons-is-layout-flex\">\n<div class=\"wp-block-button rezervace\"><a class=\"wp-block-button__link wp-element-button\" href=\"https:\/\/grandhotelhradec.book-onlinenow.net\/index.aspx?Page=14&amp;cur=PLN&amp;lan_id=pl-PL\" target=\"_blank\" rel=\"\">Zarezerwuj<\/a><\/div>\n<\/div>\n<\/div>\n\n\n\n<div class=\"wp-block-cb-slide\">\n<figure class=\"wp-block-image size-full\"><a class=\"rezervace\" href=\"https:\/\/grandhotelhradec.book-onlinenow.net\/index.aspx?Page=14&amp;cur=PLN&amp;lan_id=pl-PL\" target=\"_blank\"><img loading=\"lazy\" decoding=\"async\" width=\"1366\" height=\"894\" src=\"https:\/\/www.grandhotelhradec.cz\/wp-content\/uploads\/2025\/02\/sleva-5.jpg\" alt=\"rabat 5%\" class=\"wp-image-383\" srcset=\"https:\/\/www.grandhotelhradec.cz\/wp-content\/uploads\/2025\/02\/sleva-5.jpg 1366w, https:\/\/www.grandhotelhradec.cz\/wp-content\/uploads\/2025\/02\/sleva-5-600x393.jpg 600w\" sizes=\"auto, (max-width: 1366px) 100vw, 1366px\" \/><\/a><\/figure>\n\n\n\n<h3 class=\"wp-block-heading\">Zosta\u0144 na 3 lub wi\u0119cej nocy i zaoszcz\u0119d\u017a 5%<\/h3>\n\n\n\n<p>Minimalna d\u0142ugo\u015b\u0107 pobytu to 3 noce - z mo\u017cliwo\u015bci\u0105 anulacji<\/p>\n\n\n\n<div class=\"wp-block-buttons is-layout-flex wp-block-buttons-is-layout-flex\">\n<div class=\"wp-block-button rezervace\"><a class=\"wp-block-button__link wp-element-button\" href=\"https:\/\/grandhotelhradec.book-onlinenow.net\/index.aspx?Page=14&amp;cur=PLN&amp;lan_id=pl-PL\" target=\"_blank\" rel=\"\">Zarezerwuj<\/a><\/div>\n<\/div>\n<\/div>\n\n\n\n<div class=\"wp-block-cb-slide\">\n<figure class=\"wp-block-image size-full\"><a class=\"rezervace\" href=\"https:\/\/grandhotelhradec.book-onlinenow.net\/index.aspx?Page=14&amp;cur=PLN&amp;lan_id=pl-PL\" target=\"_blank\"><img loading=\"lazy\" decoding=\"async\" width=\"1366\" height=\"894\" src=\"https:\/\/www.grandhotelhradec.cz\/wp-content\/uploads\/2025\/02\/Slevovy-kupon.jpg\" alt=\"Kupon rabatowy\" class=\"wp-image-382\" srcset=\"https:\/\/www.grandhotelhradec.cz\/wp-content\/uploads\/2025\/02\/Slevovy-kupon.jpg 1366w, https:\/\/www.grandhotelhradec.cz\/wp-content\/uploads\/2025\/02\/Slevovy-kupon-600x393.jpg 600w\" sizes=\"auto, (max-width: 1366px) 100vw, 1366px\" \/><\/a><\/figure>\n\n\n\n<h3 class=\"wp-block-heading\">Oferta specjalna z 5% rabatem<\/h3>\n\n\n\n<p>D\u0142ugo\u015b\u0107 pobytu 1 - 2 noce - brak mo\u017cliwo\u015bci anulowania<\/p>\n\n\n\n<div class=\"wp-block-buttons is-layout-flex wp-block-buttons-is-layout-flex\">\n<div class=\"wp-block-button rezervace\"><a class=\"wp-block-button__link wp-element-button\" href=\"https:\/\/grandhotelhradec.book-onlinenow.net\/index.aspx?Page=14&amp;cur=PLN&amp;lan_id=pl-PL\" target=\"_blank\" rel=\"\">Zarezerwuj<\/a><\/div>\n<\/div>\n<\/div>\n\n\n\n<div class=\"wp-block-cb-slide\">\n<figure class=\"wp-block-image size-full\"><a class=\"rezervace\" href=\"https:\/\/www.grandhotelhradec.cz\/pl\/oferty-specjalne\/bon-podarunkowy\/\"><img loading=\"lazy\" decoding=\"async\" width=\"1366\" height=\"894\" src=\"https:\/\/www.grandhotelhradec.cz\/wp-content\/uploads\/2025\/03\/voucher-slevovy-poukaz-Grand-Hotelu-hp-Hradec.webp\" alt=\"voucher - kupon rabatowy - Grand Hotel - hp Hradec\" class=\"wp-image-700\" srcset=\"https:\/\/www.grandhotelhradec.cz\/wp-content\/uploads\/2025\/03\/voucher-slevovy-poukaz-Grand-Hotelu-hp-Hradec.webp 1366w, https:\/\/www.grandhotelhradec.cz\/wp-content\/uploads\/2025\/03\/voucher-slevovy-poukaz-Grand-Hotelu-hp-Hradec-600x393.webp 600w, https:\/\/www.grandhotelhradec.cz\/wp-content\/uploads\/2025\/03\/voucher-slevovy-poukaz-Grand-Hotelu-hp-Hradec-18x12.webp 18w\" sizes=\"auto, (max-width: 1366px) 100vw, 1366px\" \/><\/a><\/figure>\n\n\n\n<h3 class=\"wp-block-heading\"><a href=\"https:\/\/www.grandhotelhradec.cz\/pl\/oferty-specjalne\/bon-podarunkowy\/\" data-type=\"page\" data-id=\"375\">Bon podarunkowy<\/a><\/h3>\n\n\n\n<p>Bon podarunkowy na wszystkie us\u0142ugi hotelowe<\/p>\n\n\n\n<div class=\"wp-block-buttons is-layout-flex wp-block-buttons-is-layout-flex\">\n<div class=\"wp-block-button rezervace\"><a class=\"wp-block-button__link wp-element-button\" href=\"https:\/\/www.grandhotelhradec.cz\/wp-content\/uploads\/2025\/03\/voucher-en.jpg\" target=\"_blank\" rel=\"\">Zarezerwuj<\/a><\/div>\n<\/div>\n<\/div>\n<\/div>\n\n\n\n<div class=\"wp-block-media-text is-stacked-on-mobile is-image-fill-element\" style=\"grid-template-columns:70% auto\"><figure class=\"wp-block-media-text__media\"><img loading=\"lazy\" decoding=\"async\" width=\"2000\" height=\"1332\" src=\"https:\/\/www.grandhotelhradec.cz\/wp-content\/uploads\/2025\/03\/Grand-Hotel-Hradec-Pec-pod-Snezkou-2-AKTIVNI-POBYT-leto-2000x1332.webp\" alt=\"Grand Hotel Hradec - Pec pod Sn\u011b\u017ekou - AKTYWNY WYPOCZYNEK\" class=\"wp-image-741 size-large\" style=\"object-position:50% 50%\" srcset=\"https:\/\/www.grandhotelhradec.cz\/wp-content\/uploads\/2025\/03\/Grand-Hotel-Hradec-Pec-pod-Snezkou-2-AKTIVNI-POBYT-leto-2000x1332.webp 2000w, https:\/\/www.grandhotelhradec.cz\/wp-content\/uploads\/2025\/03\/Grand-Hotel-Hradec-Pec-pod-Snezkou-2-AKTIVNI-POBYT-leto-600x400.webp 600w, https:\/\/www.grandhotelhradec.cz\/wp-content\/uploads\/2025\/03\/Grand-Hotel-Hradec-Pec-pod-Snezkou-2-AKTIVNI-POBYT-leto-18x12.webp 18w\" sizes=\"auto, (max-width: 2000px) 100vw, 2000px\" \/><\/figure><div class=\"wp-block-media-text__content\">\n<h2 class=\"wp-block-heading\">AKTYWNY POBYT<\/h2>\n\n\n\n<h3 class=\"wp-block-heading\">Odkryj najpi\u0119kniejsze miejsca<\/h3>\n\n\n\n<p class=\"translation-block\"><strong>Pec pod \u015anie\u017ck\u0105<\/strong> to popularny g\u00f3rski kurort idealny do rekreacji o ka\u017cdej porze roku. W mie\u015bcie znajduje si\u0119 o\u015brodek narciarski, kt\u00f3ry wchodzi w sk\u0142ad najwi\u0119kszego kompleksu narciarskiego w Czechach. Okolice oferuj\u0105 idealne warunki do uprawiania turystyki g\u00f3rskiej, jak r\u00f3wnie\u017c wiele innych mo\u017cliwo\u015bci aktywnego sp\u0119dzania czasu.<\/p>\n\n\n\n<div class=\"wp-block-buttons is-layout-flex wp-block-buttons-is-layout-flex\">\n<div class=\"wp-block-button\"><a class=\"wp-block-button__link wp-element-button\" href=\"https:\/\/www.grandhotelhradec.cz\/pl\/odkryj-pec-pod-snezkou\/\">Odkrywaj Pec pod \u015anie\u017ck\u0105<\/a><\/div>\n<\/div>\n<\/div><\/div>\n\n\n\n<div class=\"wp-block-media-text has-media-on-the-right is-stacked-on-mobile is-image-fill-element\" style=\"grid-template-columns:auto 70%\"><div class=\"wp-block-media-text__content\">\n<h2 class=\"wp-block-heading\">WYJ\u0104TKOWE PO\u0141O\u017bENIE<\/h2>\n\n\n\n<h3 class=\"wp-block-heading\">W samym sercu Karkonoszy<\/h3>\n\n\n\n<p class=\"translation-block\"><strong>Pec pod \u015anie\u017ck\u0105<\/strong> znajduje si\u0119 w centrum Karkonoskiego Parku Narodowego. Wyj\u0105tkowa mozaika ekosystem\u00f3w g\u00f3rskich czeka na Ciebie zaledwie 2 godziny jazdy od Pragi. W miejscowo\u015bci Pec pod \u015anie\u017ck\u0105 zaczyna si\u0119 wiele szlak\u00f3w turystycznych wiod\u0105cych wprost do serca wyj\u0105tkowej przyrody.<\/p>\n\n\n\n<div class=\"wp-block-buttons is-layout-flex wp-block-buttons-is-layout-flex\">\n<div class=\"wp-block-button\"><a class=\"wp-block-button__link wp-element-button\" href=\"https:\/\/www.grandhotelhradec.cz\/pl\/lokalizacja\/\">Dowiedz si\u0119 wi\u0119cej<\/a><\/div>\n<\/div>\n<\/div><figure class=\"wp-block-media-text__media\"><img loading=\"lazy\" decoding=\"async\" width=\"1366\" height=\"911\" src=\"https:\/\/www.grandhotelhradec.cz\/wp-content\/uploads\/2025\/02\/Pec-pod-Snezkou-09.webp\" alt=\"Pec pod Sn\u011b\u017ekou - \u015anie\u017cka\" class=\"wp-image-499 size-full\" style=\"object-position:50% 50%\" srcset=\"https:\/\/www.grandhotelhradec.cz\/wp-content\/uploads\/2025\/02\/Pec-pod-Snezkou-09.webp 1366w, https:\/\/www.grandhotelhradec.cz\/wp-content\/uploads\/2025\/02\/Pec-pod-Snezkou-09-600x400.webp 600w\" sizes=\"auto, (max-width: 1366px) 100vw, 1366px\" \/><\/figure><\/div>\n\n\n\n<p><\/p>","protected":false},"excerpt":{"rendered":"<p>V\u00edtejte v Grand Hotelu Hradec Inspirace kr\u00e1sou horsk\u00e9 p\u0159\u00edrody a touha po harmonick\u00e9m sklouben\u00ed architektury s jedine\u010dnost\u00ed m\u00edsta st\u00e1la na sam\u00e9m po\u010d\u00e1tku zrodu&nbsp;Grand Hotelu Hradec&nbsp;v&nbsp;Peci pod Sn\u011b\u017ekou. Unik\u00e1tn\u00ed&nbsp;hotel&nbsp;je klenotem zasazen\u00fdm do sam\u00e9ho srdce Krkono\u0161 a v\u00fdsledkem usilovn\u00e9 a precizn\u00ed pr\u00e1ce \u0161pi\u010dkov\u00fdch \u010desk\u00fdch architekt\u016f studia Mimolimit. Cel\u00fd architektonick\u00fd koncept souzn\u00ed s my\u0161lenkou dop\u0159\u00e1t na\u0161im host\u016fm dokonal\u00fd [&hellip;]<\/p>","protected":false},"author":1,"featured_media":0,"parent":0,"menu_order":0,"comment_status":"closed","ping_status":"closed","template":"","meta":{"footnotes":""},"class_list":["post-2","page","type-page","status-publish","hentry"],"_links":{"self":[{"href":"https:\/\/www.grandhotelhradec.cz\/pl\/wp-json\/wp\/v2\/pages\/2","targetHints":{"allow":["GET"]}}],"collection":[{"href":"https:\/\/www.grandhotelhradec.cz\/pl\/wp-json\/wp\/v2\/pages"}],"about":[{"href":"https:\/\/www.grandhotelhradec.cz\/pl\/wp-json\/wp\/v2\/types\/page"}],"author":[{"embeddable":true,"href":"https:\/\/www.grandhotelhradec.cz\/pl\/wp-json\/wp\/v2\/users\/1"}],"replies":[{"embeddable":true,"href":"https:\/\/www.grandhotelhradec.cz\/pl\/wp-json\/wp\/v2\/comments?post=2"}],"version-history":[{"count":13,"href":"https:\/\/www.grandhotelhradec.cz\/pl\/wp-json\/wp\/v2\/pages\/2\/revisions"}],"predecessor-version":[{"id":1158,"href":"https:\/\/www.grandhotelhradec.cz\/pl\/wp-json\/wp\/v2\/pages\/2\/revisions\/1158"}],"wp:attachment":[{"href":"https:\/\/www.grandhotelhradec.cz\/pl\/wp-json\/wp\/v2\/media?parent=2"}],"curies":[{"name":"wp","href":"https:\/\/api.w.org\/{rel}","templated":true}]}}