{"id":167,"date":"2025-02-09T22:38:50","date_gmt":"2025-02-09T21:38:50","guid":{"rendered":"https:\/\/www.grandhotelhradec.cz\/?page_id=167"},"modified":"2025-11-20T20:17:14","modified_gmt":"2025-11-20T19:17:14","slug":"apartament-typu-junior-suite","status":"publish","type":"page","link":"https:\/\/www.grandhotelhradec.cz\/pl\/pokoje\/junior-suite\/","title":{"rendered":"Junior Suite"},"content":{"rendered":"<p class=\"wp-block-paragraph\">Pokoje typu Junior Suite o powierzchni 42 m2, to wyj\u0105tkowe po\u0142\u0105czenie nowoczesnego wzornictwa, elegancji, gustu, wygody i funkcjonalnej przestrzeni. Ten typ pokoju jest przeznaczony dla 4 do 5 os\u00f3b. Jest to du\u017cy, nowoczesny pok\u00f3j wyposa\u017cony w wygodne \u0142\u00f3\u017cko podw\u00f3jne (\u0142\u00f3\u017cka mo\u017cna oddzieli\u0107), wygodne sofy, w tym jedn\u0105 rozk\u0142adan\u0105, nowoczesne biurko i szafy z drewna d\u0119bowego oraz wydajn\u0105 rekuperacj\u0119 g\u00f3rskiego powietrza.<\/p>\n\n\n\n<div class=\"wp-block-group\"><div class=\"wp-block-group__inner-container is-layout-constrained wp-block-group-is-layout-constrained\">\n<h2 class=\"wp-block-heading\">Wyposa\u017cenie pokoju<\/h2>\n\n\n\n<ul class=\"wp-block-list\">\n<li>Bezp\u0142atne \u0142\u0105cze Wi-Fi wysokiej jako\u015bci<\/li>\n\n\n\n<li>Ekspres do kawy z ofert\u0105 kawy illy, czajnik elektryczny z ofert\u0105 herbat<\/li>\n\n\n\n<li>Mini bar<\/li>\n\n\n\n<li>Sejf<\/li>\n\n\n\n<li>Telefon<\/li>\n\n\n\n<li>Us\u0142uga budzenia \/ budzik<\/li>\n\n\n\n<li>Rekuperacja g\u00f3rskiego powietrza<\/li>\n\n\n\n<li>Biurko z drewna d\u0119bowego, krzes\u0142o<\/li>\n\n\n\n<li>\u0141\u00f3\u017cko o rozmiarach King Size<\/li>\n\n\n\n<li>Zintegrowana suszarka na wilgotne rzeczy<\/li>\n\n\n\n<li>Smart TV z szerok\u0105 ofert\u0105 program\u00f3w, IPTV<\/li>\n\n\n\n<li>Elektryczno\u015b\u0107 w pokoju po aktywacji karty (jedno gniazdko dzia\u0142aj\u0105ce 24\/7)<\/li>\n\n\n\n<li>Dywany z we\u0142ny nowozelandzkiej<\/li>\n\n\n\n<li>Sofa rozk\u0142adana<\/li>\n\n\n\n<li>Podwy\u017cszona izolacja akustyczna<\/li>\n\n\n\n<li>Szafy d\u0119bowe i wieszaki<\/li>\n\n\n\n<li>Bielizna po\u015bcielowa (inny typ poduszki na \u017cyczenie)<\/li>\n\n\n\n<li>Pok\u00f3j dost\u0119pny wind\u0105<\/li>\n\n\n\n<li>Przyjazny niepe\u0142nosprawnym<\/li>\n\n\n\n<li>\u0141\u00f3\u017ceczko dzieci\u0119ce do dyspozycji na \u017cyczenie bez op\u0142aty (konieczna rezerwacja)<\/li>\n<\/ul>\n\n\n\n<h2 class=\"wp-block-heading\">W \u0142azience znajduje si\u0119<\/h2>\n\n\n\n<ul class=\"wp-block-list\">\n<li>Wanna lub prysznic<\/li>\n\n\n\n<li>Suszarka do w\u0142os\u00f3w<\/li>\n\n\n\n<li>Lusterko kosmetyczne powi\u0119kszaj\u0105ce<\/li>\n\n\n\n<li>Szlafroki i pantofle<\/li>\n\n\n\n<li>Przybory toaletowe<\/li>\n\n\n\n<li>R\u0119czniki<\/li>\n\n\n\n<li>Kosmetyki Olivia<\/li>\n\n\n\n<li>P\u0142ytki z kamienia naturalnego - kwarcyt<\/li>\n<\/ul>\n<\/div><\/div>\n\n\n\n<div style=\"height:50px\" aria-hidden=\"true\" class=\"wp-block-spacer\"><\/div>\n\n\n\n<div class=\"wp-block-buttons is-content-justification-center is-layout-flex wp-container-core-buttons-is-layout-fe48e5de wp-block-buttons-is-layout-flex\">\n<div class=\"wp-block-button rezervace\"><a class=\"wp-block-button__link wp-element-button\" href=\"https:\/\/grandhotelhradec.book-onlinenow.net\/index.aspx?cur=CZK&amp;lan_id=cs-CZ&amp;Page=19&amp;promocode=GHH\" target=\"_blank\" rel=\"\">Zarezerwuj<\/a><\/div>\n<\/div>\n\n\n\n<div style=\"height:50px\" aria-hidden=\"true\" class=\"wp-block-spacer\"><\/div>\n\n\n\n<figure class=\"wp-block-gallery has-nested-images columns-default is-cropped wp-block-gallery-1 is-layout-flex wp-block-gallery-is-layout-flex\">\n<figure class=\"wp-block-image size-medium\"><a href=\"https:\/\/www.grandhotelhradec.cz\/wp-content\/uploads\/2025\/02\/Grand-Hotel-Hradec-Pec-pod-Snezkou-junior-suite-01.jpg\"><img loading=\"lazy\" decoding=\"async\" width=\"600\" height=\"401\" data-id=\"168\" src=\"https:\/\/www.grandhotelhradec.cz\/wp-content\/uploads\/2025\/02\/Grand-Hotel-Hradec-Pec-pod-Snezkou-junior-suite-01-600x401.jpg\" alt=\"\" class=\"wp-image-168\" srcset=\"https:\/\/www.grandhotelhradec.cz\/wp-content\/uploads\/2025\/02\/Grand-Hotel-Hradec-Pec-pod-Snezkou-junior-suite-01-600x401.jpg 600w, https:\/\/www.grandhotelhradec.cz\/wp-content\/uploads\/2025\/02\/Grand-Hotel-Hradec-Pec-pod-Snezkou-junior-suite-01-2000x1335.jpg 2000w\" sizes=\"auto, (max-width: 600px) 100vw, 600px\" \/><\/a><\/figure>\n\n\n\n<figure class=\"wp-block-image size-medium\"><a href=\"https:\/\/www.grandhotelhradec.cz\/wp-content\/uploads\/2025\/02\/Grand-Hotel-Hradec-Pec-pod-Snezkou-junior-suite-02.jpg\"><img loading=\"lazy\" decoding=\"async\" width=\"600\" height=\"401\" data-id=\"169\" src=\"https:\/\/www.grandhotelhradec.cz\/wp-content\/uploads\/2025\/02\/Grand-Hotel-Hradec-Pec-pod-Snezkou-junior-suite-02-600x401.jpg\" alt=\"\" class=\"wp-image-169\" srcset=\"https:\/\/www.grandhotelhradec.cz\/wp-content\/uploads\/2025\/02\/Grand-Hotel-Hradec-Pec-pod-Snezkou-junior-suite-02-600x401.jpg 600w, https:\/\/www.grandhotelhradec.cz\/wp-content\/uploads\/2025\/02\/Grand-Hotel-Hradec-Pec-pod-Snezkou-junior-suite-02-2000x1335.jpg 2000w\" sizes=\"auto, (max-width: 600px) 100vw, 600px\" \/><\/a><\/figure>\n\n\n\n<figure class=\"wp-block-image size-medium\"><a href=\"https:\/\/www.grandhotelhradec.cz\/wp-content\/uploads\/2025\/02\/Grand-Hotel-Hradec-Pec-pod-Snezkou-Rodinny-pokoj-Deluxe-02.webp\"><img loading=\"lazy\" decoding=\"async\" width=\"600\" height=\"400\" data-id=\"156\" src=\"https:\/\/www.grandhotelhradec.cz\/wp-content\/uploads\/2025\/02\/Grand-Hotel-Hradec-Pec-pod-Snezkou-Rodinny-pokoj-Deluxe-02-600x400.webp\" alt=\"Grand Hotel Hradec - Pec pod Sn\u011b\u017ekou - Pok\u00f3j rodzinny typu deluxe 02\" class=\"wp-image-156\" srcset=\"https:\/\/www.grandhotelhradec.cz\/wp-content\/uploads\/2025\/02\/Grand-Hotel-Hradec-Pec-pod-Snezkou-Rodinny-pokoj-Deluxe-02-600x400.webp 600w, https:\/\/www.grandhotelhradec.cz\/wp-content\/uploads\/2025\/02\/Grand-Hotel-Hradec-Pec-pod-Snezkou-Rodinny-pokoj-Deluxe-02-2000x1334.webp 2000w, https:\/\/www.grandhotelhradec.cz\/wp-content\/uploads\/2025\/02\/Grand-Hotel-Hradec-Pec-pod-Snezkou-Rodinny-pokoj-Deluxe-02.webp 2048w\" sizes=\"auto, (max-width: 600px) 100vw, 600px\" \/><\/a><\/figure>\n\n\n\n<figure class=\"wp-block-image size-medium\"><a href=\"https:\/\/www.grandhotelhradec.cz\/wp-content\/uploads\/2025\/02\/Grand-Hotel-Hradec-Pec-pod-Snezkou-Rodinny-pokoj-Deluxe-03.webp\"><img loading=\"lazy\" decoding=\"async\" width=\"600\" height=\"400\" data-id=\"155\" src=\"https:\/\/www.grandhotelhradec.cz\/wp-content\/uploads\/2025\/02\/Grand-Hotel-Hradec-Pec-pod-Snezkou-Rodinny-pokoj-Deluxe-03-600x400.webp\" alt=\"Grand Hotel Hradec - Pec pod Sn\u011b\u017ekou - Pok\u00f3j rodzinny typu deluxe 03\" class=\"wp-image-155\" srcset=\"https:\/\/www.grandhotelhradec.cz\/wp-content\/uploads\/2025\/02\/Grand-Hotel-Hradec-Pec-pod-Snezkou-Rodinny-pokoj-Deluxe-03-600x400.webp 600w, https:\/\/www.grandhotelhradec.cz\/wp-content\/uploads\/2025\/02\/Grand-Hotel-Hradec-Pec-pod-Snezkou-Rodinny-pokoj-Deluxe-03-2000x1334.webp 2000w, https:\/\/www.grandhotelhradec.cz\/wp-content\/uploads\/2025\/02\/Grand-Hotel-Hradec-Pec-pod-Snezkou-Rodinny-pokoj-Deluxe-03.webp 2048w\" sizes=\"auto, (max-width: 600px) 100vw, 600px\" \/><\/a><\/figure>\n\n\n\n<figure class=\"wp-block-image size-medium\"><a href=\"https:\/\/www.grandhotelhradec.cz\/wp-content\/uploads\/2025\/02\/Grand-Hotel-Hradec-Pec-pod-Snezkou-Rodinny-pokoj-Deluxe-04.webp\"><img loading=\"lazy\" decoding=\"async\" width=\"600\" height=\"400\" data-id=\"154\" src=\"https:\/\/www.grandhotelhradec.cz\/wp-content\/uploads\/2025\/02\/Grand-Hotel-Hradec-Pec-pod-Snezkou-Rodinny-pokoj-Deluxe-04-600x400.webp\" alt=\"Grand Hotel Hradec - Pec pod Sn\u011b\u017ekou - Pok\u00f3j rodzinny typu deluxe 04\" class=\"wp-image-154\" srcset=\"https:\/\/www.grandhotelhradec.cz\/wp-content\/uploads\/2025\/02\/Grand-Hotel-Hradec-Pec-pod-Snezkou-Rodinny-pokoj-Deluxe-04-600x400.webp 600w, https:\/\/www.grandhotelhradec.cz\/wp-content\/uploads\/2025\/02\/Grand-Hotel-Hradec-Pec-pod-Snezkou-Rodinny-pokoj-Deluxe-04-2000x1334.webp 2000w, https:\/\/www.grandhotelhradec.cz\/wp-content\/uploads\/2025\/02\/Grand-Hotel-Hradec-Pec-pod-Snezkou-Rodinny-pokoj-Deluxe-04.webp 2048w\" sizes=\"auto, (max-width: 600px) 100vw, 600px\" \/><\/a><\/figure>\n<\/figure>\n\n\n\n<p class=\"wp-block-paragraph\"><\/p>","protected":false},"excerpt":{"rendered":"<p>Pokoje typu Junior Suite o plo\u0161e 42 m2 p\u0159edstavuj\u00ed jedine\u010dnou kombinaci modern\u00edho designu, elegance, vkusu, pohodl\u00ed a funk\u010dn\u00edho prostoru. Tento typ pokoje je vhodn\u00fd a\u017e pro 4 p\u0159\u00edpadn\u011b 5 osob. Jedn\u00e1 se o prostorn\u00fd modern\u00ed pokoj s pohodln\u00fdm dvoul\u016f\u017ekem (kter\u00e9 je mo\u017en\u00e9 rozd\u011blit), pohodln\u00fdmi pohovkami, z&nbsp;nich\u017e jedna je rozkl\u00e1dac\u00ed, modern\u00edm pracovn\u00edm stolem a sk\u0159\u00edn\u011bmi z [&hellip;]<\/p>\n","protected":false},"author":1,"featured_media":169,"parent":29,"menu_order":4,"comment_status":"closed","ping_status":"closed","template":"pokoj.php","meta":{"footnotes":""},"class_list":["post-167","page","type-page","status-publish","has-post-thumbnail","hentry"],"yoast_head":"<!-- This site is optimized with the Yoast SEO plugin v28.3 - https:\/\/yoast.com\/product\/yoast-seo-wordpress\/ -->\n<title>Junior Suite - Grand Hotel Hradec<\/title>\n<meta name=\"robots\" content=\"index, follow, max-snippet:-1, max-image-preview:large, max-video-preview:-1\" \/>\n<link rel=\"canonical\" href=\"https:\/\/www.grandhotelhradec.cz\/pl\/pokoje\/apartament-typu-junior-suite\/\" \/>\n<meta property=\"og:locale\" content=\"pl_PL\" \/>\n<meta property=\"og:type\" content=\"article\" \/>\n<meta property=\"og:title\" content=\"Junior Suite - Grand Hotel Hradec\" \/>\n<meta property=\"og:description\" content=\"Pokoje typu Junior Suite o plo\u0161e 42 m2 p\u0159edstavuj\u00ed jedine\u010dnou kombinaci modern\u00edho designu, elegance, vkusu, pohodl\u00ed a funk\u010dn\u00edho prostoru. Tento typ pokoje je vhodn\u00fd a\u017e pro 4 p\u0159\u00edpadn\u011b 5 osob. Jedn\u00e1 se o prostorn\u00fd modern\u00ed pokoj s pohodln\u00fdm dvoul\u016f\u017ekem (kter\u00e9 je mo\u017en\u00e9 rozd\u011blit), pohodln\u00fdmi pohovkami, z&nbsp;nich\u017e jedna je rozkl\u00e1dac\u00ed, modern\u00edm pracovn\u00edm stolem a sk\u0159\u00edn\u011bmi z [&hellip;]\" \/>\n<meta property=\"og:url\" content=\"https:\/\/www.grandhotelhradec.cz\/pl\/pokoje\/apartament-typu-junior-suite\/\" \/>\n<meta property=\"og:site_name\" content=\"Grand Hotel Hradec\" \/>\n<meta property=\"article:publisher\" content=\"https:\/\/www.facebook.com\/grandhotelhradec.cz\/\" \/>\n<meta property=\"article:modified_time\" content=\"2025-11-20T19:17:14+00:00\" \/>\n<meta property=\"og:image\" content=\"https:\/\/www.grandhotelhradec.cz\/wp-content\/uploads\/2025\/02\/Grand-Hotel-Hradec-Pec-pod-Snezkou-junior-suite-02-2000x1335.jpg\" \/>\n\t<meta property=\"og:image:width\" content=\"2000\" \/>\n\t<meta property=\"og:image:height\" content=\"1335\" \/>\n\t<meta property=\"og:image:type\" content=\"image\/jpeg\" \/>\n<meta name=\"twitter:card\" content=\"summary_large_image\" \/>\n<meta name=\"twitter:label1\" content=\"Szacowany czas czytania\" \/>\n\t<meta name=\"twitter:data1\" content=\"1 minuta\" \/>\n<script type=\"application\/ld+json\" class=\"yoast-schema-graph\">{\"@context\":\"https:\\\/\\\/schema.org\",\"@graph\":[{\"@type\":\"WebPage\",\"@id\":\"https:\\\/\\\/www.grandhotelhradec.cz\\\/pokoje\\\/junior-suite\\\/\",\"url\":\"https:\\\/\\\/www.grandhotelhradec.cz\\\/pokoje\\\/junior-suite\\\/\",\"name\":\"Junior Suite - Grand Hotel Hradec\",\"isPartOf\":{\"@id\":\"https:\\\/\\\/www.grandhotelhradec.cz\\\/#website\"},\"primaryImageOfPage\":{\"@id\":\"https:\\\/\\\/www.grandhotelhradec.cz\\\/pokoje\\\/junior-suite\\\/#primaryimage\"},\"image\":{\"@id\":\"https:\\\/\\\/www.grandhotelhradec.cz\\\/pokoje\\\/junior-suite\\\/#primaryimage\"},\"thumbnailUrl\":\"https:\\\/\\\/www.grandhotelhradec.cz\\\/wp-content\\\/uploads\\\/2025\\\/02\\\/Grand-Hotel-Hradec-Pec-pod-Snezkou-junior-suite-02.jpg\",\"datePublished\":\"2025-02-09T21:38:50+00:00\",\"dateModified\":\"2025-11-20T19:17:14+00:00\",\"breadcrumb\":{\"@id\":\"https:\\\/\\\/www.grandhotelhradec.cz\\\/pokoje\\\/junior-suite\\\/#breadcrumb\"},\"inLanguage\":\"pl-PL\",\"potentialAction\":[{\"@type\":\"ReadAction\",\"target\":[\"https:\\\/\\\/www.grandhotelhradec.cz\\\/pokoje\\\/junior-suite\\\/\"]}]},{\"@type\":\"ImageObject\",\"inLanguage\":\"pl-PL\",\"@id\":\"https:\\\/\\\/www.grandhotelhradec.cz\\\/pokoje\\\/junior-suite\\\/#primaryimage\",\"url\":\"https:\\\/\\\/www.grandhotelhradec.cz\\\/wp-content\\\/uploads\\\/2025\\\/02\\\/Grand-Hotel-Hradec-Pec-pod-Snezkou-junior-suite-02.jpg\",\"contentUrl\":\"https:\\\/\\\/www.grandhotelhradec.cz\\\/wp-content\\\/uploads\\\/2025\\\/02\\\/Grand-Hotel-Hradec-Pec-pod-Snezkou-junior-suite-02.jpg\",\"width\":2355,\"height\":1572,\"caption\":\"Grand Hotel Hradec - Pec pod Sn\u011b\u017ekou - junior suite 02\"},{\"@type\":\"BreadcrumbList\",\"@id\":\"https:\\\/\\\/www.grandhotelhradec.cz\\\/pokoje\\\/junior-suite\\\/#breadcrumb\",\"itemListElement\":[{\"@type\":\"ListItem\",\"position\":1,\"name\":\"Dom\u016f\",\"item\":\"https:\\\/\\\/www.grandhotelhradec.cz\\\/\"},{\"@type\":\"ListItem\",\"position\":2,\"name\":\"Pokoje\",\"item\":\"https:\\\/\\\/www.grandhotelhradec.cz\\\/pokoje\\\/\"},{\"@type\":\"ListItem\",\"position\":3,\"name\":\"Junior Suite\"}]},{\"@type\":\"WebSite\",\"@id\":\"https:\\\/\\\/www.grandhotelhradec.cz\\\/#website\",\"url\":\"https:\\\/\\\/www.grandhotelhradec.cz\\\/\",\"name\":\"Grand Hotel Hradec\",\"description\":\"\",\"publisher\":{\"@id\":\"https:\\\/\\\/www.grandhotelhradec.cz\\\/#organization\"},\"potentialAction\":[{\"@type\":\"SearchAction\",\"target\":{\"@type\":\"EntryPoint\",\"urlTemplate\":\"https:\\\/\\\/www.grandhotelhradec.cz\\\/?s={search_term_string}\"},\"query-input\":{\"@type\":\"PropertyValueSpecification\",\"valueRequired\":true,\"valueName\":\"search_term_string\"}}],\"inLanguage\":\"pl-PL\"},{\"@type\":\"Organization\",\"@id\":\"https:\\\/\\\/www.grandhotelhradec.cz\\\/#organization\",\"name\":\"Grand Hotel Hradec\",\"url\":\"https:\\\/\\\/www.grandhotelhradec.cz\\\/\",\"logo\":{\"@type\":\"ImageObject\",\"inLanguage\":\"pl-PL\",\"@id\":\"https:\\\/\\\/www.grandhotelhradec.cz\\\/#\\\/schema\\\/logo\\\/image\\\/\",\"url\":\"https:\\\/\\\/www.grandhotelhradec.cz\\\/wp-content\\\/uploads\\\/2026\\\/08\\\/Grand-Hotel-Hradec-Logo.webp\",\"contentUrl\":\"https:\\\/\\\/www.grandhotelhradec.cz\\\/wp-content\\\/uploads\\\/2026\\\/08\\\/Grand-Hotel-Hradec-Logo.webp\",\"width\":1920,\"height\":1920,\"caption\":\"Grand Hotel Hradec\"},\"image\":{\"@id\":\"https:\\\/\\\/www.grandhotelhradec.cz\\\/#\\\/schema\\\/logo\\\/image\\\/\"},\"sameAs\":[\"https:\\\/\\\/www.facebook.com\\\/grandhotelhradec.cz\\\/\",\"https:\\\/\\\/www.instagram.com\\\/grandhotelhradec\\\/\"]}]}<\/script>\n<!-- \/ Yoast SEO plugin. -->","yoast_head_json":{"title":"Junior Suite \u2013 Grand Hotel Hradec","robots":{"index":"index","follow":"follow","max-snippet":"max-snippet:-1","max-image-preview":"max-image-preview:large","max-video-preview":"max-video-preview:-1"},"canonical":"https:\/\/www.grandhotelhradec.cz\/pl\/pokoje\/apartament-typu-junior-suite\/","og_locale":"pl_PL","og_type":"article","og_title":"Junior Suite - Grand Hotel Hradec","og_description":"Pokoje typu Junior Suite o plo\u0161e 42 m2 p\u0159edstavuj\u00ed jedine\u010dnou kombinaci modern\u00edho designu, elegance, vkusu, pohodl\u00ed a funk\u010dn\u00edho prostoru. Tento typ pokoje je vhodn\u00fd a\u017e pro 4 p\u0159\u00edpadn\u011b 5 osob. Jedn\u00e1 se o prostorn\u00fd modern\u00ed pokoj s pohodln\u00fdm dvoul\u016f\u017ekem (kter\u00e9 je mo\u017en\u00e9 rozd\u011blit), pohodln\u00fdmi pohovkami, z&nbsp;nich\u017e jedna je rozkl\u00e1dac\u00ed, modern\u00edm pracovn\u00edm stolem a sk\u0159\u00edn\u011bmi z [&hellip;]","og_url":"https:\/\/www.grandhotelhradec.cz\/pl\/pokoje\/apartament-typu-junior-suite\/","og_site_name":"Grand Hotel Hradec","article_publisher":"https:\/\/www.facebook.com\/grandhotelhradec.cz\/","article_modified_time":"2025-11-20T19:17:14+00:00","og_image":[{"width":2000,"height":1335,"url":"https:\/\/www.grandhotelhradec.cz\/wp-content\/uploads\/2025\/02\/Grand-Hotel-Hradec-Pec-pod-Snezkou-junior-suite-02-2000x1335.jpg","type":"image\/jpeg"}],"twitter_card":"summary_large_image","twitter_misc":{"Szacowany czas czytania":"1 minuta"},"schema":{"@context":"https:\/\/schema.org","@graph":[{"@type":"WebPage","@id":"https:\/\/www.grandhotelhradec.cz\/pokoje\/junior-suite\/","url":"https:\/\/www.grandhotelhradec.cz\/pokoje\/junior-suite\/","name":"Junior Suite \u2013 Grand Hotel Hradec","isPartOf":{"@id":"https:\/\/www.grandhotelhradec.cz\/#website"},"primaryImageOfPage":{"@id":"https:\/\/www.grandhotelhradec.cz\/pokoje\/junior-suite\/#primaryimage"},"image":{"@id":"https:\/\/www.grandhotelhradec.cz\/pokoje\/junior-suite\/#primaryimage"},"thumbnailUrl":"https:\/\/www.grandhotelhradec.cz\/wp-content\/uploads\/2025\/02\/Grand-Hotel-Hradec-Pec-pod-Snezkou-junior-suite-02.jpg","datePublished":"2025-02-09T21:38:50+00:00","dateModified":"2025-11-20T19:17:14+00:00","breadcrumb":{"@id":"https:\/\/www.grandhotelhradec.cz\/pokoje\/junior-suite\/#breadcrumb"},"inLanguage":"pl-PL","potentialAction":[{"@type":"ReadAction","target":["https:\/\/www.grandhotelhradec.cz\/pokoje\/junior-suite\/"]}]},{"@type":"ImageObject","inLanguage":"pl-PL","@id":"https:\/\/www.grandhotelhradec.cz\/pokoje\/junior-suite\/#primaryimage","url":"https:\/\/www.grandhotelhradec.cz\/wp-content\/uploads\/2025\/02\/Grand-Hotel-Hradec-Pec-pod-Snezkou-junior-suite-02.jpg","contentUrl":"https:\/\/www.grandhotelhradec.cz\/wp-content\/uploads\/2025\/02\/Grand-Hotel-Hradec-Pec-pod-Snezkou-junior-suite-02.jpg","width":2355,"height":1572,"caption":"Grand Hotel Hradec - Pec pod Sn\u011b\u017ekou - junior suite 02"},{"@type":"BreadcrumbList","@id":"https:\/\/www.grandhotelhradec.cz\/pokoje\/junior-suite\/#breadcrumb","itemListElement":[{"@type":"ListItem","position":1,"name":"Dom\u016f","item":"https:\/\/www.grandhotelhradec.cz\/"},{"@type":"ListItem","position":2,"name":"Pokoje","item":"https:\/\/www.grandhotelhradec.cz\/pokoje\/"},{"@type":"ListItem","position":3,"name":"Junior Suite"}]},{"@type":"WebSite","@id":"https:\/\/www.grandhotelhradec.cz\/#website","url":"https:\/\/www.grandhotelhradec.cz\/","name":"Grand Hotel Hradec","description":"","publisher":{"@id":"https:\/\/www.grandhotelhradec.cz\/#organization"},"potentialAction":[{"@type":"SearchAction","target":{"@type":"EntryPoint","urlTemplate":"https:\/\/www.grandhotelhradec.cz\/?s={search_term_string}"},"query-input":{"@type":"PropertyValueSpecification","valueRequired":true,"valueName":"search_term_string"}}],"inLanguage":"pl-PL"},{"@type":"Organization","@id":"https:\/\/www.grandhotelhradec.cz\/#organization","name":"Grand Hotel Hradec","url":"https:\/\/www.grandhotelhradec.cz\/","logo":{"@type":"ImageObject","inLanguage":"pl-PL","@id":"https:\/\/www.grandhotelhradec.cz\/#\/schema\/logo\/image\/","url":"https:\/\/www.grandhotelhradec.cz\/wp-content\/uploads\/2026\/08\/Grand-Hotel-Hradec-Logo.webp","contentUrl":"https:\/\/www.grandhotelhradec.cz\/wp-content\/uploads\/2026\/08\/Grand-Hotel-Hradec-Logo.webp","width":1920,"height":1920,"caption":"Grand Hotel Hradec"},"image":{"@id":"https:\/\/www.grandhotelhradec.cz\/#\/schema\/logo\/image\/"},"sameAs":["https:\/\/www.facebook.com\/grandhotelhradec.cz\/","https:\/\/www.instagram.com\/grandhotelhradec\/"]}]}},"_links":{"self":[{"href":"https:\/\/www.grandhotelhradec.cz\/pl\/wp-json\/wp\/v2\/pages\/167","targetHints":{"allow":["GET"]}}],"collection":[{"href":"https:\/\/www.grandhotelhradec.cz\/pl\/wp-json\/wp\/v2\/pages"}],"about":[{"href":"https:\/\/www.grandhotelhradec.cz\/pl\/wp-json\/wp\/v2\/types\/page"}],"author":[{"embeddable":true,"href":"https:\/\/www.grandhotelhradec.cz\/pl\/wp-json\/wp\/v2\/users\/1"}],"replies":[{"embeddable":true,"href":"https:\/\/www.grandhotelhradec.cz\/pl\/wp-json\/wp\/v2\/comments?post=167"}],"version-history":[{"count":2,"href":"https:\/\/www.grandhotelhradec.cz\/pl\/wp-json\/wp\/v2\/pages\/167\/revisions"}],"predecessor-version":[{"id":1046,"href":"https:\/\/www.grandhotelhradec.cz\/pl\/wp-json\/wp\/v2\/pages\/167\/revisions\/1046"}],"up":[{"embeddable":true,"href":"https:\/\/www.grandhotelhradec.cz\/pl\/wp-json\/wp\/v2\/pages\/29"}],"wp:featuredmedia":[{"embeddable":true,"href":"https:\/\/www.grandhotelhradec.cz\/pl\/wp-json\/wp\/v2\/media\/169"}],"wp:attachment":[{"href":"https:\/\/www.grandhotelhradec.cz\/pl\/wp-json\/wp\/v2\/media?parent=167"}],"curies":[{"name":"wp","href":"https:\/\/api.w.org\/{rel}","templated":true}]}}