{"id":151,"date":"2025-02-09T21:59:32","date_gmt":"2025-02-09T20:59:32","guid":{"rendered":"https:\/\/www.grandhotelhradec.cz\/?page_id=151"},"modified":"2025-03-23T22:22:12","modified_gmt":"2025-03-23T21:22:12","slug":"deluxe-pokoj-rodzinny","status":"publish","type":"page","link":"https:\/\/www.grandhotelhradec.cz\/pl\/pokoje\/deluxe-pokoj-rodzinny\/","title":{"rendered":"Deluxe pok\u00f3j rodzinny"},"content":{"rendered":"<p>Pokoje typu Deluxe Pok\u00f3j Rodzinny to wyj\u0105tkowe po\u0142\u0105czenie dw\u00f3ch stylowych pokoj\u00f3w o \u0142\u0105cznej powierzchni 68 m2. S\u0105 przeznaczone dla 4 do 5 os\u00f3b. Te nowoczesne, wygodne i gustownie urz\u0105dzone pokoje (ka\u017cdy z nich posiada w\u0142asn\u0105 \u0142azienk\u0119) s\u0105 po\u0142\u0105czone korytarzem, kt\u00f3ry w razie potrzeby mo\u017cna pozostawi\u0107 otwarty lub zamkni\u0119ty, aby rodzina mia\u0142a zapewnion\u0105 pe\u0142n\u0105 prywatno\u015b\u0107. Pokoje s\u0105 wyposa\u017cone w du\u017ce \u0142\u00f3\u017cka podw\u00f3jne (z mo\u017cliwo\u015bci\u0105 oddzielenia \u0142\u00f3\u017cek), wygodne sofy lub fotele, nowoczesne biurka i szafy z drewna d\u0119bowego oraz wydajn\u0105 rekuperacj\u0119 g\u00f3rskiego powietrza. W niekt\u00f3rych pokojach rodzinnych jest r\u00f3wnie\u017c balkon lub taras.<\/p>\n\n\n\n<div class=\"wp-block-group\"><div class=\"wp-block-group__inner-container is-layout-constrained wp-block-group-is-layout-constrained\">\n<h2 class=\"wp-block-heading\">Wyposa\u017cenie pokoju<\/h2>\n\n\n\n<ul class=\"wp-block-list\">\n<li>Bezp\u0142atne \u0142\u0105cze Wi-Fi wysokiej jako\u015bci<\/li>\n\n\n\n<li>Zestaw do parzenia kawy i herbaty<\/li>\n\n\n\n<li>Mini bar<\/li>\n\n\n\n<li>Sejf<\/li>\n\n\n\n<li>Telefon<\/li>\n\n\n\n<li>Us\u0142uga budzenia \/ Budzik<\/li>\n\n\n\n<li>Rekuperacja g\u00f3rskiego powietrza<\/li>\n\n\n\n<li>D\u0119bowe biurko i krzes\u0142o<\/li>\n\n\n\n<li>Szafa, stolik barowy i kawowy z drewna d\u0119bowego&nbsp;<\/li>\n\n\n\n<li>\u0141\u00f3\u017cko o rozmiarach King Size<\/li>\n\n\n\n<li>Zintegrowana suszarka na wilgotne rzeczy<\/li>\n\n\n\n<li>Smart TV z szerok\u0105 ofert\u0105 program\u00f3w, IPTV<\/li>\n\n\n\n<li>Napi\u0119cie elektryczne w pokoju po aktywacji kart\u0105 (jedno gniazdko dzia\u0142aj\u0105ce 24\/7)<\/li>\n\n\n\n<li>Dywany z we\u0142ny nowozelandzkiej<\/li>\n\n\n\n<li>Designerski fotel \/ sofa<\/li>\n\n\n\n<li>Podwy\u017cszona izolacja akustyczna<\/li>\n\n\n\n<li>Szafy d\u0119bowe<\/li>\n\n\n\n<li>Hipoalergiczna po\u015bciel i bielizna po\u015bcielowa (inny typ poduszki na \u017cyczenie)&nbsp;<\/li>\n\n\n\n<li>Pok\u00f3j dost\u0119pny wind\u0105<\/li>\n\n\n\n<li>Przyjazny niepe\u0142nosprawnym<\/li>\n\n\n\n<li>\u0141\u00f3\u017ceczko dzieci\u0119ce do dyspozycji na \u017cyczenie bez op\u0142aty (konieczna rezerwacja)<\/li>\n\n\n\n<li>Dost\u0119pno\u015b\u0107 wind\u0105<\/li>\n<\/ul>\n\n\n\n<h2 class=\"wp-block-heading\">W \u0142azience znajduje si\u0119<\/h2>\n\n\n\n<ul class=\"wp-block-list\">\n<li>Wanna lub prysznic<\/li>\n\n\n\n<li>Suszarka do w\u0142os\u00f3w<\/li>\n\n\n\n<li>Lusterko kosmetyczne powi\u0119kszaj\u0105ce<\/li>\n\n\n\n<li>Szlafroki i pantofle<\/li>\n\n\n\n<li>Przybory toaletowe<\/li>\n\n\n\n<li>R\u0119czniki<\/li>\n\n\n\n<li>Kosmetyki Olivia<\/li>\n\n\n\n<li>P\u0142ytki z kamienia naturalnego - kwarcyt<\/li>\n<\/ul>\n<\/div><\/div>\n\n\n\n<div style=\"height:50px\" aria-hidden=\"true\" class=\"wp-block-spacer\"><\/div>\n\n\n\n<div class=\"wp-block-buttons is-content-justification-center is-layout-flex wp-container-core-buttons-is-layout-16018d1d wp-block-buttons-is-layout-flex\">\n<div class=\"wp-block-button rezervace\"><a class=\"wp-block-button__link wp-element-button\" href=\"https:\/\/grandhotelhradec.book-onlinenow.net\/index.aspx?cur=CZK&amp;lan_id=cs-CZ&amp;Page=19&amp;promocode=GHH\" target=\"_blank\" rel=\"\">Zarezerwuj<\/a><\/div>\n<\/div>\n\n\n\n<div style=\"height:50px\" aria-hidden=\"true\" class=\"wp-block-spacer\"><\/div>\n\n\n\n<figure class=\"wp-block-gallery has-nested-images columns-default is-cropped wp-block-gallery-1 is-layout-flex wp-block-gallery-is-layout-flex\">\n<figure class=\"wp-block-image size-medium\"><a href=\"https:\/\/www.grandhotelhradec.cz\/wp-content\/uploads\/2025\/02\/Grand-Hotel-Hradec-Pec-pod-Snezkou-Rodinny-pokoj-Deluxe-01-scaled.webp\"><img loading=\"lazy\" decoding=\"async\" width=\"600\" height=\"401\" data-id=\"157\" src=\"https:\/\/www.grandhotelhradec.cz\/wp-content\/uploads\/2025\/02\/Grand-Hotel-Hradec-Pec-pod-Snezkou-Rodinny-pokoj-Deluxe-01-600x401.webp\" alt=\"Grand Hotel Hradec - Pec pod Sn\u011b\u017ekou - Pok\u00f3j rodzinny typu deluxe 01\" class=\"wp-image-157\" srcset=\"https:\/\/www.grandhotelhradec.cz\/wp-content\/uploads\/2025\/02\/Grand-Hotel-Hradec-Pec-pod-Snezkou-Rodinny-pokoj-Deluxe-01-600x401.webp 600w, https:\/\/www.grandhotelhradec.cz\/wp-content\/uploads\/2025\/02\/Grand-Hotel-Hradec-Pec-pod-Snezkou-Rodinny-pokoj-Deluxe-01-2000x1335.webp 2000w\" sizes=\"auto, (max-width: 600px) 100vw, 600px\" \/><\/a><\/figure>\n\n\n\n<figure class=\"wp-block-image size-medium\"><a href=\"https:\/\/www.grandhotelhradec.cz\/wp-content\/uploads\/2025\/02\/Grand-Hotel-Hradec-Pec-pod-Snezkou-Rodinny-pokoj-Deluxe-06.webp\"><img loading=\"lazy\" decoding=\"async\" width=\"600\" height=\"400\" data-id=\"152\" src=\"https:\/\/www.grandhotelhradec.cz\/wp-content\/uploads\/2025\/02\/Grand-Hotel-Hradec-Pec-pod-Snezkou-Rodinny-pokoj-Deluxe-06-600x400.webp\" alt=\"Grand Hotel Hradec - Pec pod Sn\u011b\u017ekou - Pok\u00f3j rodzinny Deluxe 06\" class=\"wp-image-152\" srcset=\"https:\/\/www.grandhotelhradec.cz\/wp-content\/uploads\/2025\/02\/Grand-Hotel-Hradec-Pec-pod-Snezkou-Rodinny-pokoj-Deluxe-06-600x400.webp 600w, https:\/\/www.grandhotelhradec.cz\/wp-content\/uploads\/2025\/02\/Grand-Hotel-Hradec-Pec-pod-Snezkou-Rodinny-pokoj-Deluxe-06-2000x1334.webp 2000w, https:\/\/www.grandhotelhradec.cz\/wp-content\/uploads\/2025\/02\/Grand-Hotel-Hradec-Pec-pod-Snezkou-Rodinny-pokoj-Deluxe-06.webp 2048w\" sizes=\"auto, (max-width: 600px) 100vw, 600px\" \/><\/a><\/figure>\n\n\n\n<figure class=\"wp-block-image size-medium\"><a href=\"https:\/\/www.grandhotelhradec.cz\/wp-content\/uploads\/2025\/02\/Grand-Hotel-Hradec-Pec-pod-Snezkou-Rodinny-pokoj-Deluxe-05.webp\"><img loading=\"lazy\" decoding=\"async\" width=\"600\" height=\"400\" data-id=\"153\" src=\"https:\/\/www.grandhotelhradec.cz\/wp-content\/uploads\/2025\/02\/Grand-Hotel-Hradec-Pec-pod-Snezkou-Rodinny-pokoj-Deluxe-05-600x400.webp\" alt=\"Grand Hotel Hradec - Pec pod Sn\u011b\u017ekou - Pok\u00f3j Rodzinny Deluxe 05\" class=\"wp-image-153\" srcset=\"https:\/\/www.grandhotelhradec.cz\/wp-content\/uploads\/2025\/02\/Grand-Hotel-Hradec-Pec-pod-Snezkou-Rodinny-pokoj-Deluxe-05-600x400.webp 600w, https:\/\/www.grandhotelhradec.cz\/wp-content\/uploads\/2025\/02\/Grand-Hotel-Hradec-Pec-pod-Snezkou-Rodinny-pokoj-Deluxe-05-2000x1334.webp 2000w, https:\/\/www.grandhotelhradec.cz\/wp-content\/uploads\/2025\/02\/Grand-Hotel-Hradec-Pec-pod-Snezkou-Rodinny-pokoj-Deluxe-05.webp 2048w\" sizes=\"auto, (max-width: 600px) 100vw, 600px\" \/><\/a><\/figure>\n\n\n\n<figure class=\"wp-block-image size-medium\"><a href=\"https:\/\/www.grandhotelhradec.cz\/wp-content\/uploads\/2025\/02\/Grand-Hotel-Hradec-Pec-pod-Snezkou-Rodinny-pokoj-Deluxe-04.webp\"><img loading=\"lazy\" decoding=\"async\" width=\"600\" height=\"400\" data-id=\"154\" src=\"https:\/\/www.grandhotelhradec.cz\/wp-content\/uploads\/2025\/02\/Grand-Hotel-Hradec-Pec-pod-Snezkou-Rodinny-pokoj-Deluxe-04-600x400.webp\" alt=\"Grand Hotel Hradec - Pec pod Sn\u011b\u017ekou - Pok\u00f3j rodzinny typu deluxe 04\" class=\"wp-image-154\" srcset=\"https:\/\/www.grandhotelhradec.cz\/wp-content\/uploads\/2025\/02\/Grand-Hotel-Hradec-Pec-pod-Snezkou-Rodinny-pokoj-Deluxe-04-600x400.webp 600w, https:\/\/www.grandhotelhradec.cz\/wp-content\/uploads\/2025\/02\/Grand-Hotel-Hradec-Pec-pod-Snezkou-Rodinny-pokoj-Deluxe-04-2000x1334.webp 2000w, https:\/\/www.grandhotelhradec.cz\/wp-content\/uploads\/2025\/02\/Grand-Hotel-Hradec-Pec-pod-Snezkou-Rodinny-pokoj-Deluxe-04.webp 2048w\" sizes=\"auto, (max-width: 600px) 100vw, 600px\" \/><\/a><\/figure>\n\n\n\n<figure class=\"wp-block-image size-medium\"><a href=\"https:\/\/www.grandhotelhradec.cz\/wp-content\/uploads\/2025\/02\/Grand-Hotel-Hradec-Pec-pod-Snezkou-Rodinny-pokoj-Deluxe-03.webp\"><img loading=\"lazy\" decoding=\"async\" width=\"600\" height=\"400\" data-id=\"155\" src=\"https:\/\/www.grandhotelhradec.cz\/wp-content\/uploads\/2025\/02\/Grand-Hotel-Hradec-Pec-pod-Snezkou-Rodinny-pokoj-Deluxe-03-600x400.webp\" alt=\"Grand Hotel Hradec - Pec pod Sn\u011b\u017ekou - Pok\u00f3j rodzinny typu deluxe 03\" class=\"wp-image-155\" srcset=\"https:\/\/www.grandhotelhradec.cz\/wp-content\/uploads\/2025\/02\/Grand-Hotel-Hradec-Pec-pod-Snezkou-Rodinny-pokoj-Deluxe-03-600x400.webp 600w, https:\/\/www.grandhotelhradec.cz\/wp-content\/uploads\/2025\/02\/Grand-Hotel-Hradec-Pec-pod-Snezkou-Rodinny-pokoj-Deluxe-03-2000x1334.webp 2000w, https:\/\/www.grandhotelhradec.cz\/wp-content\/uploads\/2025\/02\/Grand-Hotel-Hradec-Pec-pod-Snezkou-Rodinny-pokoj-Deluxe-03.webp 2048w\" sizes=\"auto, (max-width: 600px) 100vw, 600px\" \/><\/a><\/figure>\n\n\n\n<figure class=\"wp-block-image size-medium\"><a href=\"https:\/\/www.grandhotelhradec.cz\/wp-content\/uploads\/2025\/02\/Grand-Hotel-Hradec-Pec-pod-Snezkou-Rodinny-pokoj-Deluxe-02.webp\"><img loading=\"lazy\" decoding=\"async\" width=\"600\" height=\"400\" data-id=\"156\" src=\"https:\/\/www.grandhotelhradec.cz\/wp-content\/uploads\/2025\/02\/Grand-Hotel-Hradec-Pec-pod-Snezkou-Rodinny-pokoj-Deluxe-02-600x400.webp\" alt=\"Grand Hotel Hradec - Pec pod Sn\u011b\u017ekou - Pok\u00f3j rodzinny typu deluxe 02\" class=\"wp-image-156\" srcset=\"https:\/\/www.grandhotelhradec.cz\/wp-content\/uploads\/2025\/02\/Grand-Hotel-Hradec-Pec-pod-Snezkou-Rodinny-pokoj-Deluxe-02-600x400.webp 600w, https:\/\/www.grandhotelhradec.cz\/wp-content\/uploads\/2025\/02\/Grand-Hotel-Hradec-Pec-pod-Snezkou-Rodinny-pokoj-Deluxe-02-2000x1334.webp 2000w, https:\/\/www.grandhotelhradec.cz\/wp-content\/uploads\/2025\/02\/Grand-Hotel-Hradec-Pec-pod-Snezkou-Rodinny-pokoj-Deluxe-02.webp 2048w\" sizes=\"auto, (max-width: 600px) 100vw, 600px\" \/><\/a><\/figure>\n<\/figure>\n\n\n\n<p><\/p>","protected":false},"excerpt":{"rendered":"<p>Pokoje typu Rodinn\u00fd pokoj Deluxe p\u0159edstavuj\u00ed jedine\u010dnou kombinaci dvou designov\u00fdch pokoj\u016f o celkov\u00e9 velikosti 68 m2. Jsou ur\u010den\u00e9 pro 4 a\u017e 5 osob. Tyto modern\u00ed, pohodln\u00e9 a vkusn\u011b za\u0159\u00edzen\u00e9 pokoje (ka\u017ed\u00fd z nich m\u00e1 vlastn\u00ed koupelnu) jsou spojen\u00e9 chodbi\u010dkou, kterou je mo\u017en\u00e9 v p\u0159\u00edpad\u011b pot\u0159eby ponechat otev\u0159enou \u010di zav\u0159enou, aby rodina m\u011bla \u00fapln\u00e9 soukrom\u00ed. Sou\u010d\u00e1st\u00ed [&hellip;]<\/p>","protected":false},"author":1,"featured_media":157,"parent":29,"menu_order":6,"comment_status":"closed","ping_status":"closed","template":"pokoj.php","meta":{"footnotes":""},"class_list":["post-151","page","type-page","status-publish","has-post-thumbnail","hentry"],"_links":{"self":[{"href":"https:\/\/www.grandhotelhradec.cz\/pl\/wp-json\/wp\/v2\/pages\/151","targetHints":{"allow":["GET"]}}],"collection":[{"href":"https:\/\/www.grandhotelhradec.cz\/pl\/wp-json\/wp\/v2\/pages"}],"about":[{"href":"https:\/\/www.grandhotelhradec.cz\/pl\/wp-json\/wp\/v2\/types\/page"}],"author":[{"embeddable":true,"href":"https:\/\/www.grandhotelhradec.cz\/pl\/wp-json\/wp\/v2\/users\/1"}],"replies":[{"embeddable":true,"href":"https:\/\/www.grandhotelhradec.cz\/pl\/wp-json\/wp\/v2\/comments?post=151"}],"version-history":[{"count":1,"href":"https:\/\/www.grandhotelhradec.cz\/pl\/wp-json\/wp\/v2\/pages\/151\/revisions"}],"predecessor-version":[{"id":724,"href":"https:\/\/www.grandhotelhradec.cz\/pl\/wp-json\/wp\/v2\/pages\/151\/revisions\/724"}],"up":[{"embeddable":true,"href":"https:\/\/www.grandhotelhradec.cz\/pl\/wp-json\/wp\/v2\/pages\/29"}],"wp:featuredmedia":[{"embeddable":true,"href":"https:\/\/www.grandhotelhradec.cz\/pl\/wp-json\/wp\/v2\/media\/157"}],"wp:attachment":[{"href":"https:\/\/www.grandhotelhradec.cz\/pl\/wp-json\/wp\/v2\/media?parent=151"}],"curies":[{"name":"wp","href":"https:\/\/api.w.org\/{rel}","templated":true}]}}