{"id":137,"date":"2025-02-09T21:08:53","date_gmt":"2025-02-09T20:08:53","guid":{"rendered":"https:\/\/www.grandhotelhradec.cz\/?page_id=137"},"modified":"2025-03-23T22:21:41","modified_gmt":"2025-03-23T21:21:41","slug":"superior-pokoj-trzyosobowy","status":"publish","type":"page","link":"https:\/\/www.grandhotelhradec.cz\/pl\/pokoje\/superior-pokoj-trzyosobowy\/","title":{"rendered":"Superior pok\u00f3j trzyosobowy"},"content":{"rendered":"<p>Pokoje typu Superior to wyj\u0105tkowe po\u0142\u0105czenie nowoczesnego wzornictwa, elegancji, gustu, wygody i funkcjonalnej przestrzeni. Pokoje o powierzchni 29 m2 przeznaczone dla 3 os\u00f3b s\u0105 wyposa\u017cone w du\u017ce \u0142\u00f3\u017cko podw\u00f3jne (z mo\u017cliwo\u015bci\u0105 oddzielenia \u0142\u00f3\u017cek), wygodn\u0105 sof\u0119 rozk\u0142adan\u0105 lub fotel, biurko i szafy z drewna d\u0119bowego oraz wydajn\u0105 rekuperacj\u0119 g\u00f3rskiego powietrza.<\/p>\n\n\n\n<div class=\"wp-block-group\"><div class=\"wp-block-group__inner-container is-layout-constrained wp-block-group-is-layout-constrained\">\n<h2 class=\"wp-block-heading\">Wyposa\u017cenie pokoju<\/h2>\n\n\n\n<ul class=\"wp-block-list\">\n<li>Bezp\u0142atne \u0142\u0105cze Wi-Fi wysokiej jako\u015bci<\/li>\n\n\n\n<li>Zestaw do parzenia kawy i herbaty<\/li>\n\n\n\n<li>Mini bar<\/li>\n\n\n\n<li>Sejf<\/li>\n\n\n\n<li>Telefon<\/li>\n\n\n\n<li>Us\u0142uga budzenia \/ Budzik<\/li>\n\n\n\n<li>Rekuperacja g\u00f3rskiego powietrza<\/li>\n\n\n\n<li>D\u0119bowe biurko i krzes\u0142o<\/li>\n\n\n\n<li>Szafa, stolik barowy i kawowy z drewna d\u0119bowego&nbsp;<\/li>\n\n\n\n<li>\u0141\u00f3\u017cko o rozmiarach King Size<\/li>\n\n\n\n<li>Zintegrowana suszarka na wilgotne rzeczy<\/li>\n\n\n\n<li>Smart TV z szerok\u0105 ofert\u0105 program\u00f3w, IPTV<\/li>\n\n\n\n<li>Napi\u0119cie elektryczne w pokoju po aktywacji kart\u0105 (jedno gniazdko dzia\u0142aj\u0105ce 24\/7)<\/li>\n\n\n\n<li>Dywany z we\u0142ny nowozelandzkiej<\/li>\n\n\n\n<li>Sofa<\/li>\n\n\n\n<li>Podwy\u017cszona izolacja akustyczna<\/li>\n\n\n\n<li>Szafy d\u0119bowe<\/li>\n\n\n\n<li>Hipoalergiczna po\u015bciel i bielizna po\u015bcielowa (inny typ poduszki na \u017cyczenie)&nbsp;<\/li>\n\n\n\n<li>Pok\u00f3j dost\u0119pny wind\u0105<\/li>\n\n\n\n<li>Przyjazny niepe\u0142nosprawnym<\/li>\n\n\n\n<li>\u0141\u00f3\u017ceczko dzieci\u0119ce do dyspozycji na \u017cyczenie bez op\u0142aty (konieczna rezerwacja)<\/li>\n\n\n\n<li>Dost\u0119pno\u015b\u0107 wind\u0105<\/li>\n<\/ul>\n\n\n\n<h2 class=\"wp-block-heading\">W \u0142azience znajduje si\u0119<\/h2>\n\n\n\n<ul class=\"wp-block-list\">\n<li>Wanna lub prysznic<\/li>\n\n\n\n<li>Suszarka do w\u0142os\u00f3w<\/li>\n\n\n\n<li>Lusterko kosmetyczne powi\u0119kszaj\u0105ce<\/li>\n\n\n\n<li>Szlafroki i pantofle<\/li>\n\n\n\n<li>Przybory toaletowe<\/li>\n\n\n\n<li>R\u0119czniki<\/li>\n\n\n\n<li>Kosmetyki Olivia<\/li>\n\n\n\n<li>P\u0142ytki z kamienia naturalnego - kwarcyt<\/li>\n<\/ul>\n<\/div><\/div>\n\n\n\n<div style=\"height:50px\" aria-hidden=\"true\" class=\"wp-block-spacer\"><\/div>\n\n\n\n<div class=\"wp-block-buttons is-content-justification-center is-layout-flex wp-container-core-buttons-is-layout-16018d1d wp-block-buttons-is-layout-flex\">\n<div class=\"wp-block-button rezervace\"><a class=\"wp-block-button__link wp-element-button\" href=\"https:\/\/grandhotelhradec.book-onlinenow.net\/index.aspx?cur=CZK&amp;lan_id=cs-CZ&amp;Page=19&amp;promocode=GHH\" target=\"_blank\" rel=\"\">Zarezerwuj<\/a><\/div>\n<\/div>\n\n\n\n<div style=\"height:50px\" aria-hidden=\"true\" class=\"wp-block-spacer\"><\/div>\n\n\n\n<figure class=\"wp-block-gallery has-nested-images columns-default is-cropped wp-block-gallery-1 is-layout-flex wp-block-gallery-is-layout-flex\">\n<figure class=\"wp-block-image size-medium\"><a href=\"https:\/\/www.grandhotelhradec.cz\/wp-content\/uploads\/2025\/02\/Grand-Hotel-Hradec-Pec-pod-Snezkou-Superior-triluzkovy-pokoj-03.jpg\"><img loading=\"lazy\" decoding=\"async\" width=\"600\" height=\"401\" data-id=\"139\" src=\"https:\/\/www.grandhotelhradec.cz\/wp-content\/uploads\/2025\/02\/Grand-Hotel-Hradec-Pec-pod-Snezkou-Superior-triluzkovy-pokoj-03-600x401.jpg\" alt=\"Grand Hotel Hradec - Pec pod Sn\u011b\u017ekou - Pok\u00f3j trzyosobowy typu superior 03\" class=\"wp-image-139\" srcset=\"https:\/\/www.grandhotelhradec.cz\/wp-content\/uploads\/2025\/02\/Grand-Hotel-Hradec-Pec-pod-Snezkou-Superior-triluzkovy-pokoj-03-600x401.jpg 600w, https:\/\/www.grandhotelhradec.cz\/wp-content\/uploads\/2025\/02\/Grand-Hotel-Hradec-Pec-pod-Snezkou-Superior-triluzkovy-pokoj-03-2000x1335.jpg 2000w\" sizes=\"auto, (max-width: 600px) 100vw, 600px\" \/><\/a><\/figure>\n\n\n\n<figure class=\"wp-block-image size-medium\"><a href=\"https:\/\/www.grandhotelhradec.cz\/wp-content\/uploads\/2025\/02\/Grand-Hotel-Hradec-Pec-pod-Snezkou-Superior-triluzkovy-pokoj-02.jpg\"><img loading=\"lazy\" decoding=\"async\" width=\"600\" height=\"401\" data-id=\"138\" src=\"https:\/\/www.grandhotelhradec.cz\/wp-content\/uploads\/2025\/02\/Grand-Hotel-Hradec-Pec-pod-Snezkou-Superior-triluzkovy-pokoj-02-600x401.jpg\" alt=\"Grand Hotel Hradec - Pec pod Sn\u011b\u017ekou - Pok\u00f3j trzyosobowy typu superior 02\" class=\"wp-image-138\" srcset=\"https:\/\/www.grandhotelhradec.cz\/wp-content\/uploads\/2025\/02\/Grand-Hotel-Hradec-Pec-pod-Snezkou-Superior-triluzkovy-pokoj-02-600x401.jpg 600w, https:\/\/www.grandhotelhradec.cz\/wp-content\/uploads\/2025\/02\/Grand-Hotel-Hradec-Pec-pod-Snezkou-Superior-triluzkovy-pokoj-02-2000x1335.jpg 2000w\" sizes=\"auto, (max-width: 600px) 100vw, 600px\" \/><\/a><\/figure>\n\n\n\n<figure class=\"wp-block-image size-medium\"><a href=\"https:\/\/www.grandhotelhradec.cz\/wp-content\/uploads\/2025\/02\/Grand-Hotel-Hradec-Pec-pod-Snezkou-Superior-triluzkovy-pokoj-05-scaled.webp\"><img loading=\"lazy\" decoding=\"async\" width=\"600\" height=\"401\" data-id=\"141\" src=\"https:\/\/www.grandhotelhradec.cz\/wp-content\/uploads\/2025\/02\/Grand-Hotel-Hradec-Pec-pod-Snezkou-Superior-triluzkovy-pokoj-05-600x401.webp\" alt=\"\" class=\"wp-image-141\" srcset=\"https:\/\/www.grandhotelhradec.cz\/wp-content\/uploads\/2025\/02\/Grand-Hotel-Hradec-Pec-pod-Snezkou-Superior-triluzkovy-pokoj-05-600x401.webp 600w, https:\/\/www.grandhotelhradec.cz\/wp-content\/uploads\/2025\/02\/Grand-Hotel-Hradec-Pec-pod-Snezkou-Superior-triluzkovy-pokoj-05-2000x1335.webp 2000w\" sizes=\"auto, (max-width: 600px) 100vw, 600px\" \/><\/a><\/figure>\n\n\n\n<figure class=\"wp-block-image size-medium\"><a href=\"https:\/\/www.grandhotelhradec.cz\/wp-content\/uploads\/2025\/02\/Grand-Hotel-Hradec-Pec-pod-Snezkou-Superior-dvouluzkovy-pokoj-07.jpg\"><img loading=\"lazy\" decoding=\"async\" width=\"600\" height=\"401\" data-id=\"132\" src=\"https:\/\/www.grandhotelhradec.cz\/wp-content\/uploads\/2025\/02\/Grand-Hotel-Hradec-Pec-pod-Snezkou-Superior-dvouluzkovy-pokoj-07-600x401.jpg\" alt=\"Grand Hotel Hradec - Pec pod Sn\u011b\u017ekou - Pok\u00f3j dwuosobowy typu superior 07\" class=\"wp-image-132\" srcset=\"https:\/\/www.grandhotelhradec.cz\/wp-content\/uploads\/2025\/02\/Grand-Hotel-Hradec-Pec-pod-Snezkou-Superior-dvouluzkovy-pokoj-07-600x401.jpg 600w, https:\/\/www.grandhotelhradec.cz\/wp-content\/uploads\/2025\/02\/Grand-Hotel-Hradec-Pec-pod-Snezkou-Superior-dvouluzkovy-pokoj-07-2000x1335.jpg 2000w\" sizes=\"auto, (max-width: 600px) 100vw, 600px\" \/><\/a><\/figure>\n\n\n\n<figure class=\"wp-block-image size-medium\"><a href=\"https:\/\/www.grandhotelhradec.cz\/wp-content\/uploads\/2025\/02\/Grand-Hotel-Hradec-Pec-pod-Snezkou-Superior-triluzkovy-pokoj-04-scaled.webp\"><img loading=\"lazy\" decoding=\"async\" width=\"600\" height=\"400\" data-id=\"140\" src=\"https:\/\/www.grandhotelhradec.cz\/wp-content\/uploads\/2025\/02\/Grand-Hotel-Hradec-Pec-pod-Snezkou-Superior-triluzkovy-pokoj-04-600x400.webp\" alt=\"Grand Hotel Hradec - Pec pod Sn\u011b\u017ekou - Pok\u00f3j trzyosobowy typu superior 04\" class=\"wp-image-140\" srcset=\"https:\/\/www.grandhotelhradec.cz\/wp-content\/uploads\/2025\/02\/Grand-Hotel-Hradec-Pec-pod-Snezkou-Superior-triluzkovy-pokoj-04-600x400.webp 600w, https:\/\/www.grandhotelhradec.cz\/wp-content\/uploads\/2025\/02\/Grand-Hotel-Hradec-Pec-pod-Snezkou-Superior-triluzkovy-pokoj-04-2000x1334.webp 2000w\" sizes=\"auto, (max-width: 600px) 100vw, 600px\" \/><\/a><\/figure>\n<\/figure>\n\n\n\n<p><\/p>","protected":false},"excerpt":{"rendered":"<p>Pokoje typu Superior p\u0159edstavuj\u00ed jedine\u010dnou kombinaci modern\u00edho designu, elegance, vkusu, pohodl\u00ed a funk\u010dn\u00edho prostoru. Pokoje o velikosti 29 m2 jsou vhodn\u00e9 pro 3 osoby, disponuj\u00ed prostorn\u00fdm dvoul\u016f\u017ekem (kter\u00e9 je mo\u017en\u00e9 rozd\u011blit), pohodlnou rozkl\u00e1dac\u00ed pohovkou \u010di k\u0159eslem, pracovn\u00edm stolem a sk\u0159\u00edn\u011bmi z dubov\u00e9ho d\u0159eva a vysoce \u00fa\u010dinnou rekuperac\u00ed horsk\u00e9ho vzduchu. Vybaven\u00ed pokoje V koupeln\u011b se nach\u00e1z\u00ed<\/p>","protected":false},"author":1,"featured_media":139,"parent":29,"menu_order":2,"comment_status":"closed","ping_status":"closed","template":"pokoj.php","meta":{"footnotes":""},"class_list":["post-137","page","type-page","status-publish","has-post-thumbnail","hentry"],"_links":{"self":[{"href":"https:\/\/www.grandhotelhradec.cz\/pl\/wp-json\/wp\/v2\/pages\/137","targetHints":{"allow":["GET"]}}],"collection":[{"href":"https:\/\/www.grandhotelhradec.cz\/pl\/wp-json\/wp\/v2\/pages"}],"about":[{"href":"https:\/\/www.grandhotelhradec.cz\/pl\/wp-json\/wp\/v2\/types\/page"}],"author":[{"embeddable":true,"href":"https:\/\/www.grandhotelhradec.cz\/pl\/wp-json\/wp\/v2\/users\/1"}],"replies":[{"embeddable":true,"href":"https:\/\/www.grandhotelhradec.cz\/pl\/wp-json\/wp\/v2\/comments?post=137"}],"version-history":[{"count":1,"href":"https:\/\/www.grandhotelhradec.cz\/pl\/wp-json\/wp\/v2\/pages\/137\/revisions"}],"predecessor-version":[{"id":720,"href":"https:\/\/www.grandhotelhradec.cz\/pl\/wp-json\/wp\/v2\/pages\/137\/revisions\/720"}],"up":[{"embeddable":true,"href":"https:\/\/www.grandhotelhradec.cz\/pl\/wp-json\/wp\/v2\/pages\/29"}],"wp:featuredmedia":[{"embeddable":true,"href":"https:\/\/www.grandhotelhradec.cz\/pl\/wp-json\/wp\/v2\/media\/139"}],"wp:attachment":[{"href":"https:\/\/www.grandhotelhradec.cz\/pl\/wp-json\/wp\/v2\/media?parent=137"}],"curies":[{"name":"wp","href":"https:\/\/api.w.org\/{rel}","templated":true}]}}