{"id":313,"date":"2025-02-14T00:05:39","date_gmt":"2025-02-13T23:05:39","guid":{"rendered":"https:\/\/www.grandhotelhradec.cz\/?page_id=313"},"modified":"2026-04-12T22:16:55","modified_gmt":"2026-04-12T20:16:55","slug":"bergfuehrer","status":"publish","type":"page","link":"https:\/\/www.grandhotelhradec.cz\/de\/entdecken-sie-pec-pod-snezkou\/bergfuehrer\/","title":{"rendered":"Bergf\u00fchrer"},"content":{"rendered":"<p><strong>Natur in ihrer wahren Essenz, Wege, die niemand kennt, Orte, die viele von uns noch nicht entdeckt haben. Die Einzigartigkeit des Erlebnisses und die individuelle Herangehensweise k\u00f6nnen Sie sowohl bei Berg- und Skialpinwanderungen als auch bei Kletter- und Radtouren erleben.<\/strong><\/p>\n\n\n\n<p class=\"translation-block\">Der Bergf\u00fchrer <strong>Radek \u010cerm\u00e1k<\/strong> ist ein Profi, der Sportler, Touristen und Kletterer im Hochgebirge begleitet, um ihre Sicherheit zu gew\u00e4hrleisten und ihnen au\u00dfergew\u00f6hnliche Erlebnisse zu bereiten. Er ist staatlich gepr\u00fcfter Bergf\u00fchrer, Mitglied des Mountain Service und des Bergsteiger- und Reisevereins A-MountTeam, mit dem er zahlreiche Expeditionen (5.000-6.000 m \u00fcber dem Meeresspiegel) zu verschiedenen Orten auf unserem Planeten absolvierte. Zu den interessantesten z\u00e4hlen beispielsweise der Nordpol, der Pamir, der Himalaya, der Kaukasus und Patagonien. Neben Expeditionen ist Radek ein aktiver Skialpinist. Er organisierte und nahm an einer Reihe europ\u00e4ischer Ski-Alpin-Reise-Kletterexpeditionen teil, z. in der Tatra, den Alpen oder in Nordnorwegen.<\/p>\n\n\n\n<p>Radek \u010cerm\u00e1k kann den Kunden des Grand Hotel Hradec professionelle Reisef\u00fchrerdienste in folgendem Umfang anbieten:<\/p>\n\n\n\n<ul class=\"wp-block-list\">\n<li class=\"translation-block\">Im <strong>Sommer<\/strong> ungew\u00f6hnliche Wanderungen mit der Lage und Geschichte des Riesengebirges, auf Interessierte zugeschnittene Radtouren.<\/li>\n\n\n\n<li class=\"translation-block\">Im <strong>Winter<\/strong> werden individuelle Ski-Alpintouren, Schneeschuh- oder Wandertouren, Lawinenkurse, Eisklettern mit Eispickel und Steigeisen vorbereitet.<\/li>\n<\/ul>\n\n\n\n<p class=\"translation-block\">Diese Dienstleistungen richten sich sowohl an Privatpersonen als auch an Unternehmen, kurz gesagt an alle, die sich f\u00fcr Berge und ungew\u00f6hnliche Abenteuer interessieren. Ihr gemeinsamer Nenner ist eine individuelle Herangehensweise und au\u00dfergew\u00f6hnliche Erfahrung<\/p>\n\n\n\n<figure class=\"wp-block-table\"><table class=\"has-fixed-layout\"><tbody><tr><td>6-st\u00fcndige Wanderung f\u00fcr ein Paar<\/td><td>ab 5.000 CZK<\/td><\/tr><tr><td>Gruppe von 7 bis 12 Personen<\/td><td>10.000 CZK<\/td><\/tr><tr><td>Unternehmen bis zu 8 Personen<\/td><td>10.000 CZK<\/td><\/tr><tr><td>Unternehmen \u00fcber 8 Personen<\/td><td>individuelle Berechnung<\/td><\/tr><\/tbody><\/table><\/figure>\n\n\n\n<p>Es ist m\u00f6glich, jede gr\u00f6\u00dfere Gruppe an der Reise teilzunehmen, die Anzahl der Reiseleiter wird entsprechend angepasst.<br><br><strong>Ungef\u00e4hre Preise f\u00fcr die Miete zus\u00e4tzlicher Ausr\u00fcstung<\/strong><\/p>\n\n\n\n<figure class=\"wp-block-table\"><table class=\"has-fixed-layout\"><tbody><tr><td>Skialp set<\/td><td>800 CZK\/Tag\/Person<\/td><\/tr><tr><td>Schneeschuhe<\/td><td>250 CZK\/Tag\/Person<\/td><\/tr><tr><td>Schneeketten<\/td><td>100 CZK\/Tag\/Person<\/td><\/tr><tr><td>St\u00f6cke<\/td><td>100 CZK\/Tag\/Person<\/td><\/tr><\/tbody><\/table><\/figure>\n\n\n\n<p><strong>Der Ansprechpartner f\u00fcr Radek Cerm\u00e1k ist <a href=\"tel:603820882\">603 820 882<\/a><\/strong><\/p>\n\n\n\n<p>Preise ohne Mehrwertsteuer<\/p>\n\n\n\n<p><\/p>","protected":false},"excerpt":{"rendered":"<p>P\u0159\u00edroda ve sv\u00e9 prav\u00e9 podstat\u011b, stezky, kter\u00e9 nikdo nezn\u00e1, m\u00edsta, kter\u00e1 mnoho z\u00a0n\u00e1s je\u0161t\u011b neobjevilo. V\u00fdjime\u010dnost z\u00e1\u017eitku a individu\u00e1ln\u00ed p\u0159\u00edstup m\u016f\u017eete za\u017e\u00edt jak p\u0159i p\u011b\u0161\u00edch horsk\u00fdch \u010di skialpov\u00fdch t\u00far\u00e1ch, tak p\u0159i lezen\u00ed \u010di vyj\u00ed\u017e\u010fk\u00e1ch na kole. Horsk\u00fd pr\u016fvodce\u00a0Radek \u010cerm\u00e1k\u00a0je profesion\u00e1l, kter\u00fd prov\u00e1z\u00ed sportovce, turisty a horolezce ve vysokohorsk\u00fdch podm\u00ednk\u00e1ch tak, aby zajistil jejich bezpe\u010dnost a [&hellip;]<\/p>","protected":false},"author":1,"featured_media":314,"parent":39,"menu_order":20,"comment_status":"closed","ping_status":"closed","template":"aktivity.php","meta":{"footnotes":""},"class_list":["post-313","page","type-page","status-publish","has-post-thumbnail","hentry"],"_links":{"self":[{"href":"https:\/\/www.grandhotelhradec.cz\/de\/wp-json\/wp\/v2\/pages\/313","targetHints":{"allow":["GET"]}}],"collection":[{"href":"https:\/\/www.grandhotelhradec.cz\/de\/wp-json\/wp\/v2\/pages"}],"about":[{"href":"https:\/\/www.grandhotelhradec.cz\/de\/wp-json\/wp\/v2\/types\/page"}],"author":[{"embeddable":true,"href":"https:\/\/www.grandhotelhradec.cz\/de\/wp-json\/wp\/v2\/users\/1"}],"replies":[{"embeddable":true,"href":"https:\/\/www.grandhotelhradec.cz\/de\/wp-json\/wp\/v2\/comments?post=313"}],"version-history":[{"count":0,"href":"https:\/\/www.grandhotelhradec.cz\/de\/wp-json\/wp\/v2\/pages\/313\/revisions"}],"up":[{"embeddable":true,"href":"https:\/\/www.grandhotelhradec.cz\/de\/wp-json\/wp\/v2\/pages\/39"}],"wp:featuredmedia":[{"embeddable":true,"href":"https:\/\/www.grandhotelhradec.cz\/de\/wp-json\/wp\/v2\/media\/314"}],"wp:attachment":[{"href":"https:\/\/www.grandhotelhradec.cz\/de\/wp-json\/wp\/v2\/media?parent=313"}],"curies":[{"name":"wp","href":"https:\/\/api.w.org\/{rel}","templated":true}]}}